{"id":6727,"date":"2025-04-11T08:51:50","date_gmt":"2025-04-11T08:51:50","guid":{"rendered":"https:\/\/www.afecvigo.es\/web\/?page_id=6727"},"modified":"2025-07-22T10:52:05","modified_gmt":"2025-07-22T10:52:05","slug":"resultados-de-investigacion-fin-de-residencia","status":"publish","type":"page","link":"https:\/\/www.afecvigo.es\/web\/?page_id=6727&lang=es","title":{"rendered":"Resultados de Investigaci\u00f3n Fin de Residencia"},"content":{"rendered":"\t\t<div data-elementor-type=\"wp-page\" data-elementor-id=\"6727\" class=\"elementor elementor-6727\">\n\t\t\t\t\t\t<div class=\"elementor-inner\">\n\t\t\t\t<div class=\"elementor-section-wrap\">\n\t\t\t\t\t\t\t\t\t<section class=\"elementor-section elementor-top-section elementor-element elementor-element-5c0b8f5 elementor-section-boxed elementor-section-height-default elementor-section-height-default\" data-id=\"5c0b8f5\" data-element_type=\"section\">\n\t\t\t\t\t\t<div class=\"elementor-container elementor-column-gap-default\">\n\t\t\t\t\t\t\t<div class=\"elementor-row\">\n\t\t\t\t\t<div class=\"elementor-column elementor-col-100 elementor-top-column elementor-element elementor-element-f494440\" data-id=\"f494440\" data-element_type=\"column\">\n\t\t\t<div class=\"elementor-column-wrap elementor-element-populated\">\n\t\t\t\t\t\t\t<div class=\"elementor-widget-wrap\">\n\t\t\t\t\t\t<div class=\"elementor-element elementor-element-89499c4 elementor-widget elementor-widget-heading\" data-id=\"89499c4\" data-element_type=\"widget\" data-widget_type=\"heading.default\">\n\t\t\t\t<div class=\"elementor-widget-container\">\n\t\t\t<h2 class=\"elementor-heading-title elementor-size-default\">Resultados de Investigaci\u00f3n Fin de Residencia<\/h2>\t\t<\/div>\n\t\t\t\t<\/div>\n\t\t\t\t\t\t<\/div>\n\t\t\t\t\t<\/div>\n\t\t<\/div>\n\t\t\t\t\t\t\t\t<\/div>\n\t\t\t\t\t<\/div>\n\t\t<\/section>\n\t\t\t\t<section class=\"elementor-section elementor-top-section elementor-element elementor-element-106f231 elementor-section-boxed elementor-section-height-default elementor-section-height-default\" data-id=\"106f231\" data-element_type=\"section\">\n\t\t\t\t\t\t<div class=\"elementor-container elementor-column-gap-default\">\n\t\t\t\t\t\t\t<div class=\"elementor-row\">\n\t\t\t\t\t<div class=\"elementor-column elementor-col-100 elementor-top-column elementor-element elementor-element-4fc156a\" data-id=\"4fc156a\" data-element_type=\"column\">\n\t\t\t<div class=\"elementor-column-wrap elementor-element-populated\">\n\t\t\t\t\t\t\t<div class=\"elementor-widget-wrap\">\n\t\t\t\t\t\t<div class=\"elementor-element elementor-element-39c40e3 elementor-tabs-view-horizontal elementor-widget elementor-widget-tabs\" data-id=\"39c40e3\" data-element_type=\"widget\" data-widget_type=\"tabs.default\">\n\t\t\t\t<div class=\"elementor-widget-container\">\n\t\t\t\t\t<div class=\"elementor-tabs\">\n\t\t\t<div class=\"elementor-tabs-wrapper\" role=\"tablist\" >\n\t\t\t\t\t\t\t\t\t<div id=\"elementor-tab-title-6051\" class=\"elementor-tab-title elementor-tab-desktop-title\" aria-selected=\"true\" data-tab=\"1\" role=\"tab\" tabindex=\"0\" aria-controls=\"elementor-tab-content-6051\" aria-expanded=\"false\"><a href=\"\">2025<\/a><\/div>\n\t\t\t\t\t\t\t\t\t<div id=\"elementor-tab-title-6052\" class=\"elementor-tab-title elementor-tab-desktop-title\" aria-selected=\"false\" data-tab=\"2\" role=\"tab\" tabindex=\"-1\" aria-controls=\"elementor-tab-content-6052\" aria-expanded=\"false\"><a href=\"\">2024<\/a><\/div>\n\t\t\t\t\t\t\t\t\t<div id=\"elementor-tab-title-6053\" class=\"elementor-tab-title elementor-tab-desktop-title\" aria-selected=\"false\" data-tab=\"3\" role=\"tab\" tabindex=\"-1\" aria-controls=\"elementor-tab-content-6053\" aria-expanded=\"false\"><a href=\"\">2023<\/a><\/div>\n\t\t\t\t\t\t\t\t\t<div id=\"elementor-tab-title-6054\" class=\"elementor-tab-title elementor-tab-desktop-title\" aria-selected=\"false\" data-tab=\"4\" role=\"tab\" tabindex=\"-1\" aria-controls=\"elementor-tab-content-6054\" aria-expanded=\"false\"><a href=\"\">2022<\/a><\/div>\n\t\t\t\t\t\t\t\t\t<div id=\"elementor-tab-title-6055\" class=\"elementor-tab-title elementor-tab-desktop-title\" aria-selected=\"false\" data-tab=\"5\" role=\"tab\" tabindex=\"-1\" aria-controls=\"elementor-tab-content-6055\" aria-expanded=\"false\"><a href=\"\">2021<\/a><\/div>\n\t\t\t\t\t\t\t\t\t<div id=\"elementor-tab-title-6056\" class=\"elementor-tab-title elementor-tab-desktop-title\" aria-selected=\"false\" data-tab=\"6\" role=\"tab\" tabindex=\"-1\" aria-controls=\"elementor-tab-content-6056\" aria-expanded=\"false\"><a href=\"\">2020<\/a><\/div>\n\t\t\t\t\t\t\t\t\t<div id=\"elementor-tab-title-6057\" class=\"elementor-tab-title elementor-tab-desktop-title\" aria-selected=\"false\" data-tab=\"7\" role=\"tab\" tabindex=\"-1\" aria-controls=\"elementor-tab-content-6057\" aria-expanded=\"false\"><a href=\"\">2019<\/a><\/div>\n\t\t\t\t\t\t\t\t\t<div id=\"elementor-tab-title-6058\" class=\"elementor-tab-title elementor-tab-desktop-title\" aria-selected=\"false\" data-tab=\"8\" role=\"tab\" tabindex=\"-1\" aria-controls=\"elementor-tab-content-6058\" aria-expanded=\"false\"><a href=\"\">2018<\/a><\/div>\n\t\t\t\t\t\t\t<\/div>\n\t\t\t<div class=\"elementor-tabs-content-wrapper\" role=\"tablist\" aria-orientation=\"vertical\">\n\t\t\t\t\t\t\t\t\t<div class=\"elementor-tab-title elementor-tab-mobile-title\" aria-selected=\"true\" data-tab=\"1\" role=\"tab\" tabindex=\"0\" aria-controls=\"elementor-tab-content-6051\" aria-expanded=\"false\">2025<\/div>\n\t\t\t\t\t<div id=\"elementor-tab-content-6051\" class=\"elementor-tab-content elementor-clearfix\" data-tab=\"1\" role=\"tabpanel\" aria-labelledby=\"elementor-tab-title-6051\" tabindex=\"0\" hidden=\"false\"><h4><a href=\"https:\/\/www.afecvigo.es\/web\/wp-content\/uploads\/2025\/07\/2.Seguimiento-del-paciente-cronico-Experiencia-en-el-rural-gallego.pptx.pdf\"><strong>Seguimiento del paciente cr\u00f3nico: experiencia en el rural gallego.<\/strong><\/a><\/h4><p><img loading=\"lazy\" decoding=\"async\" class=\"alignnone wp-image-7912\" src=\"https:\/\/www.afecvigo.es\/web\/wp-content\/uploads\/2025\/07\/seg1.png\" alt=\"\" width=\"417\" height=\"235\" srcset=\"https:\/\/www.afecvigo.es\/web\/wp-content\/uploads\/2025\/07\/seg1.png 1193w, https:\/\/www.afecvigo.es\/web\/wp-content\/uploads\/2025\/07\/seg1-300x169.png 300w, https:\/\/www.afecvigo.es\/web\/wp-content\/uploads\/2025\/07\/seg1-1024x577.png 1024w, https:\/\/www.afecvigo.es\/web\/wp-content\/uploads\/2025\/07\/seg1-768x433.png 768w\" sizes=\"auto, (max-width: 417px) 100vw, 417px\" \/><\/p><h4><a href=\"https:\/\/www.afecvigo.es\/web\/wp-content\/uploads\/2025\/07\/APLICACION-Y-VALIDACION-AL-GALLEGO-DE-LA-ESCALA-Mini-Z-Survey-2.0-para-la-deteccion-de-burnout.pdf\"><strong>Aplicaci\u00f3n y validaci\u00f3n al gallego de la escala Mini Z Survey 2.0 para la detecci\u00f3n de burnout en el personal perteneciente al \u00c1rea Sanitaria de Vigo.<\/strong><\/a><\/h4><p><img loading=\"lazy\" decoding=\"async\" class=\"alignnone wp-image-7917\" src=\"https:\/\/www.afecvigo.es\/web\/wp-content\/uploads\/2025\/07\/IMG_20250514_180023-scaled.jpg\" alt=\"\" width=\"376\" height=\"282\" srcset=\"https:\/\/www.afecvigo.es\/web\/wp-content\/uploads\/2025\/07\/IMG_20250514_180023-scaled.jpg 2560w, https:\/\/www.afecvigo.es\/web\/wp-content\/uploads\/2025\/07\/IMG_20250514_180023-300x225.jpg 300w, https:\/\/www.afecvigo.es\/web\/wp-content\/uploads\/2025\/07\/IMG_20250514_180023-1024x768.jpg 1024w, https:\/\/www.afecvigo.es\/web\/wp-content\/uploads\/2025\/07\/IMG_20250514_180023-768x576.jpg 768w, https:\/\/www.afecvigo.es\/web\/wp-content\/uploads\/2025\/07\/IMG_20250514_180023-1536x1152.jpg 1536w, https:\/\/www.afecvigo.es\/web\/wp-content\/uploads\/2025\/07\/IMG_20250514_180023-2048x1536.jpg 2048w\" sizes=\"auto, (max-width: 376px) 100vw, 376px\" \/><\/p><h4><a href=\"https:\/\/www.afecvigo.es\/web\/wp-content\/uploads\/2025\/07\/Calidad-asistencial-y-grado-de-control-del-paciente-con-DM-tipo-2-en-el-centro-de-salud-de-Covelo.pdf\"><strong>Calidad asistencial y grado de control del paciente con DM tipo 2 en el Centro de Salud rural de Covelo.<\/strong><\/a><\/h4><p><img loading=\"lazy\" decoding=\"async\" class=\"wp-image-7916 alignnone\" src=\"https:\/\/www.afecvigo.es\/web\/wp-content\/uploads\/2025\/07\/control-diabetes_IMG_20250514_172313-scaled.jpg\" alt=\"\" width=\"381\" height=\"286\" srcset=\"https:\/\/www.afecvigo.es\/web\/wp-content\/uploads\/2025\/07\/control-diabetes_IMG_20250514_172313-scaled.jpg 2560w, https:\/\/www.afecvigo.es\/web\/wp-content\/uploads\/2025\/07\/control-diabetes_IMG_20250514_172313-300x225.jpg 300w, https:\/\/www.afecvigo.es\/web\/wp-content\/uploads\/2025\/07\/control-diabetes_IMG_20250514_172313-1024x768.jpg 1024w, https:\/\/www.afecvigo.es\/web\/wp-content\/uploads\/2025\/07\/control-diabetes_IMG_20250514_172313-768x576.jpg 768w, https:\/\/www.afecvigo.es\/web\/wp-content\/uploads\/2025\/07\/control-diabetes_IMG_20250514_172313-1536x1152.jpg 1536w, https:\/\/www.afecvigo.es\/web\/wp-content\/uploads\/2025\/07\/control-diabetes_IMG_20250514_172313-2048x1536.jpg 2048w\" sizes=\"auto, (max-width: 381px) 100vw, 381px\" \/><\/p><h4><a href=\"https:\/\/www.afecvigo.es\/web\/wp-content\/uploads\/2025\/07\/Fortaleciendo-la-educacion-sexual-Actitudes-sexuales-en-adolescentes-TFR-FINAL.pdf\"><strong>Fortaleciendo la educaci\u00f3n sexual: actitudes de adolescentes. Estudio transversal en centros de secundaria del \u00c1rea Sanitaria de Vigo.<\/strong><\/a><\/h4><p><img loading=\"lazy\" decoding=\"async\" class=\"alignnone wp-image-7918\" src=\"https:\/\/www.afecvigo.es\/web\/wp-content\/uploads\/2025\/07\/IMG_20250514_185553-scaled.jpg\" alt=\"\" width=\"384\" height=\"288\" srcset=\"https:\/\/www.afecvigo.es\/web\/wp-content\/uploads\/2025\/07\/IMG_20250514_185553-scaled.jpg 2560w, https:\/\/www.afecvigo.es\/web\/wp-content\/uploads\/2025\/07\/IMG_20250514_185553-300x225.jpg 300w, https:\/\/www.afecvigo.es\/web\/wp-content\/uploads\/2025\/07\/IMG_20250514_185553-1024x768.jpg 1024w, https:\/\/www.afecvigo.es\/web\/wp-content\/uploads\/2025\/07\/IMG_20250514_185553-768x576.jpg 768w, https:\/\/www.afecvigo.es\/web\/wp-content\/uploads\/2025\/07\/IMG_20250514_185553-1536x1152.jpg 1536w, https:\/\/www.afecvigo.es\/web\/wp-content\/uploads\/2025\/07\/IMG_20250514_185553-2048x1536.jpg 2048w\" sizes=\"auto, (max-width: 384px) 100vw, 384px\" \/><\/p><h4><a href=\"https:\/\/www.afecvigo.es\/web\/wp-content\/uploads\/2025\/07\/MIR-29.4.2025.pdf\"><strong>Tipos de precauciones e higiene de manos.<\/strong><\/a><\/h4><h4><img loading=\"lazy\" decoding=\"async\" class=\"alignnone wp-image-7921\" src=\"https:\/\/www.afecvigo.es\/web\/wp-content\/uploads\/2025\/07\/rrr.png\" alt=\"\" width=\"366\" height=\"254\" srcset=\"https:\/\/www.afecvigo.es\/web\/wp-content\/uploads\/2025\/07\/rrr.png 1119w, https:\/\/www.afecvigo.es\/web\/wp-content\/uploads\/2025\/07\/rrr-300x208.png 300w, https:\/\/www.afecvigo.es\/web\/wp-content\/uploads\/2025\/07\/rrr-1024x711.png 1024w, https:\/\/www.afecvigo.es\/web\/wp-content\/uploads\/2025\/07\/rrr-768x533.png 768w\" sizes=\"auto, (max-width: 366px) 100vw, 366px\" \/><\/h4><h4><a href=\"https:\/\/www.afecvigo.es\/web\/wp-content\/uploads\/2025\/07\/Opioides-mayores-65-Xiana-FC-y-Laura-TT.pdf\"><strong>Uso de opioides en pacientes ancianos en el \u00c1rea Sanitaria de Vigo.<\/strong><\/a><\/h4><p><img loading=\"lazy\" decoding=\"async\" class=\"alignnone wp-image-7923\" src=\"https:\/\/www.afecvigo.es\/web\/wp-content\/uploads\/2025\/07\/uso-opioides-ancianosIMG_20250514_171220-scaled.jpg\" alt=\"\" width=\"399\" height=\"299\" srcset=\"https:\/\/www.afecvigo.es\/web\/wp-content\/uploads\/2025\/07\/uso-opioides-ancianosIMG_20250514_171220-scaled.jpg 2560w, https:\/\/www.afecvigo.es\/web\/wp-content\/uploads\/2025\/07\/uso-opioides-ancianosIMG_20250514_171220-300x225.jpg 300w, https:\/\/www.afecvigo.es\/web\/wp-content\/uploads\/2025\/07\/uso-opioides-ancianosIMG_20250514_171220-1024x768.jpg 1024w, https:\/\/www.afecvigo.es\/web\/wp-content\/uploads\/2025\/07\/uso-opioides-ancianosIMG_20250514_171220-768x576.jpg 768w, https:\/\/www.afecvigo.es\/web\/wp-content\/uploads\/2025\/07\/uso-opioides-ancianosIMG_20250514_171220-1536x1152.jpg 1536w, https:\/\/www.afecvigo.es\/web\/wp-content\/uploads\/2025\/07\/uso-opioides-ancianosIMG_20250514_171220-2048x1536.jpg 2048w\" sizes=\"auto, (max-width: 399px) 100vw, 399px\" \/><\/p><h4><a href=\"https:\/\/www.afecvigo.es\/web\/wp-content\/uploads\/2025\/07\/opioidesmenores65.pdf\"><strong>Prescripci\u00f3n de opioides mayores en pacientes menores de 65 a\u00f1os en el \u00c1rea Sanitaria de Vigo.<\/strong><\/a><\/h4><p><img loading=\"lazy\" decoding=\"async\" class=\"alignnone wp-image-7925\" src=\"https:\/\/www.afecvigo.es\/web\/wp-content\/uploads\/2025\/07\/opioides-menores-65-anos-IMG_20250514_192402-scaled.jpg\" alt=\"\" width=\"393\" height=\"295\" srcset=\"https:\/\/www.afecvigo.es\/web\/wp-content\/uploads\/2025\/07\/opioides-menores-65-anos-IMG_20250514_192402-scaled.jpg 2560w, https:\/\/www.afecvigo.es\/web\/wp-content\/uploads\/2025\/07\/opioides-menores-65-anos-IMG_20250514_192402-300x225.jpg 300w, https:\/\/www.afecvigo.es\/web\/wp-content\/uploads\/2025\/07\/opioides-menores-65-anos-IMG_20250514_192402-1024x768.jpg 1024w, https:\/\/www.afecvigo.es\/web\/wp-content\/uploads\/2025\/07\/opioides-menores-65-anos-IMG_20250514_192402-768x576.jpg 768w, https:\/\/www.afecvigo.es\/web\/wp-content\/uploads\/2025\/07\/opioides-menores-65-anos-IMG_20250514_192402-1536x1152.jpg 1536w, https:\/\/www.afecvigo.es\/web\/wp-content\/uploads\/2025\/07\/opioides-menores-65-anos-IMG_20250514_192402-2048x1536.jpg 2048w\" sizes=\"auto, (max-width: 393px) 100vw, 393px\" \/><\/p><h4><a href=\"https:\/\/www.afecvigo.es\/web\/wp-content\/uploads\/2025\/07\/Resumen_GUIA-DE-REPRO25.pdf\"><strong>Gu\u00eda t\u00e9cnica del proceso de reproducci\u00f3n humana asistida.<\/strong><\/a><\/h4><p><img loading=\"lazy\" decoding=\"async\" class=\"alignnone wp-image-7927\" src=\"https:\/\/www.afecvigo.es\/web\/wp-content\/uploads\/2025\/07\/rep.png\" alt=\"\" width=\"431\" height=\"234\" srcset=\"https:\/\/www.afecvigo.es\/web\/wp-content\/uploads\/2025\/07\/rep.png 1255w, https:\/\/www.afecvigo.es\/web\/wp-content\/uploads\/2025\/07\/rep-300x163.png 300w, https:\/\/www.afecvigo.es\/web\/wp-content\/uploads\/2025\/07\/rep-1024x557.png 1024w, https:\/\/www.afecvigo.es\/web\/wp-content\/uploads\/2025\/07\/rep-768x418.png 768w\" sizes=\"auto, (max-width: 431px) 100vw, 431px\" \/><\/p><h4><a href=\"https:\/\/www.afecvigo.es\/web\/wp-content\/uploads\/2025\/07\/TFR-Carotidas.pdf\"><strong>Utilidad de la ecograf\u00eda de car\u00f3tidas y femorales en la Atenci\u00f3n Primaria en pacientes dislip\u00e9micos con un score de riesgo bajo-moderado.<\/strong><\/a><\/h4><p><img loading=\"lazy\" decoding=\"async\" class=\"alignnone wp-image-7929\" src=\"https:\/\/www.afecvigo.es\/web\/wp-content\/uploads\/2025\/07\/eco-carotidea-PXL_20250514_191236073.MV_-scaled.jpg\" alt=\"\" width=\"398\" height=\"298\" srcset=\"https:\/\/www.afecvigo.es\/web\/wp-content\/uploads\/2025\/07\/eco-carotidea-PXL_20250514_191236073.MV_-scaled.jpg 2560w, https:\/\/www.afecvigo.es\/web\/wp-content\/uploads\/2025\/07\/eco-carotidea-PXL_20250514_191236073.MV_-300x225.jpg 300w, https:\/\/www.afecvigo.es\/web\/wp-content\/uploads\/2025\/07\/eco-carotidea-PXL_20250514_191236073.MV_-1024x768.jpg 1024w, https:\/\/www.afecvigo.es\/web\/wp-content\/uploads\/2025\/07\/eco-carotidea-PXL_20250514_191236073.MV_-768x576.jpg 768w, https:\/\/www.afecvigo.es\/web\/wp-content\/uploads\/2025\/07\/eco-carotidea-PXL_20250514_191236073.MV_-1536x1152.jpg 1536w, https:\/\/www.afecvigo.es\/web\/wp-content\/uploads\/2025\/07\/eco-carotidea-PXL_20250514_191236073.MV_-2048x1536.jpg 2048w\" sizes=\"auto, (max-width: 398px) 100vw, 398px\" \/><\/p><h4><a href=\"https:\/\/www.afecvigo.es\/web\/wp-content\/uploads\/2025\/07\/TFR-FINAL-benzos.pdf\"><strong>Consumo de benzodiacepinas en Atenci\u00f3n Primaria?<\/strong><\/a><\/h4><p><img loading=\"lazy\" decoding=\"async\" class=\"alignnone wp-image-7931\" src=\"https:\/\/www.afecvigo.es\/web\/wp-content\/uploads\/2025\/07\/IMG_20250514_184303-scaled.jpg\" alt=\"\" width=\"396\" height=\"297\" srcset=\"https:\/\/www.afecvigo.es\/web\/wp-content\/uploads\/2025\/07\/IMG_20250514_184303-scaled.jpg 2560w, https:\/\/www.afecvigo.es\/web\/wp-content\/uploads\/2025\/07\/IMG_20250514_184303-300x225.jpg 300w, https:\/\/www.afecvigo.es\/web\/wp-content\/uploads\/2025\/07\/IMG_20250514_184303-1024x768.jpg 1024w, https:\/\/www.afecvigo.es\/web\/wp-content\/uploads\/2025\/07\/IMG_20250514_184303-768x576.jpg 768w, https:\/\/www.afecvigo.es\/web\/wp-content\/uploads\/2025\/07\/IMG_20250514_184303-1536x1152.jpg 1536w, https:\/\/www.afecvigo.es\/web\/wp-content\/uploads\/2025\/07\/IMG_20250514_184303-2048x1536.jpg 2048w\" sizes=\"auto, (max-width: 396px) 100vw, 396px\" \/><\/p><\/div>\n\t\t\t\t\t\t\t\t\t<div class=\"elementor-tab-title elementor-tab-mobile-title\" aria-selected=\"false\" data-tab=\"2\" role=\"tab\" tabindex=\"-1\" aria-controls=\"elementor-tab-content-6052\" aria-expanded=\"false\">2024<\/div>\n\t\t\t\t\t<div id=\"elementor-tab-content-6052\" class=\"elementor-tab-content elementor-clearfix\" data-tab=\"2\" role=\"tabpanel\" aria-labelledby=\"elementor-tab-title-6052\" tabindex=\"0\" hidden=\"hidden\"><h4><a href=\"https:\/\/www.afecvigo.es\/web\/wp-content\/uploads\/2025\/04\/Presentacion-Proyecto-FyC-Grupo-Focal.pdf\"><strong>An\u00e1lisis de burnout en los residentes de enfermer\u00eda y medicina de familia y comunitaria da \u00e1rea de Vigo.<\/strong><\/a><\/h4><p><img loading=\"lazy\" decoding=\"async\" class=\"alignnone wp-image-6468\" src=\"https:\/\/www.afecvigo.es\/web\/wp-content\/uploads\/2024\/10\/RI2024-Analisis-del-burnout-en-los-residentes-de-enfermeria-y-medicina-de-familia-y-comunitaria-del-area-de-Vigo-1.jpg\" alt=\"\" width=\"326\" height=\"184\" srcset=\"https:\/\/www.afecvigo.es\/web\/wp-content\/uploads\/2024\/10\/RI2024-Analisis-del-burnout-en-los-residentes-de-enfermeria-y-medicina-de-familia-y-comunitaria-del-area-de-Vigo-1.jpg 1727w, https:\/\/www.afecvigo.es\/web\/wp-content\/uploads\/2024\/10\/RI2024-Analisis-del-burnout-en-los-residentes-de-enfermeria-y-medicina-de-familia-y-comunitaria-del-area-de-Vigo-1-300x169.jpg 300w, https:\/\/www.afecvigo.es\/web\/wp-content\/uploads\/2024\/10\/RI2024-Analisis-del-burnout-en-los-residentes-de-enfermeria-y-medicina-de-familia-y-comunitaria-del-area-de-Vigo-1-1024x576.jpg 1024w, https:\/\/www.afecvigo.es\/web\/wp-content\/uploads\/2024\/10\/RI2024-Analisis-del-burnout-en-los-residentes-de-enfermeria-y-medicina-de-familia-y-comunitaria-del-area-de-Vigo-1-768x432.jpg 768w, https:\/\/www.afecvigo.es\/web\/wp-content\/uploads\/2024\/10\/RI2024-Analisis-del-burnout-en-los-residentes-de-enfermeria-y-medicina-de-familia-y-comunitaria-del-area-de-Vigo-1-1536x865.jpg 1536w\" sizes=\"auto, (max-width: 326px) 100vw, 326px\" \/><\/p><h4><strong><a href=\"https:\/\/www.afecvigo.es\/web\/wp-content\/uploads\/2024\/10\/RI2024-Deficit-de-vitamina-D-en-pacientes-obesos-del-area-sanitaria-de-Vigo.pdf\" target=\"_blank\" rel=\"noopener\">D\u00e9ficit de vitamina D en pacientes obesos del \u00e1rea sanitaria de Vigo.<\/a><\/strong><\/h4><p><img loading=\"lazy\" decoding=\"async\" class=\"alignnone wp-image-6448\" src=\"https:\/\/www.afecvigo.es\/web\/wp-content\/uploads\/2024\/10\/RI2024-Deficit-de-vitamina-D-en-pacientes-obesos-del-area-sanitaria-de-Vigo.jpg\" alt=\"\" width=\"300\" height=\"225\" srcset=\"https:\/\/www.afecvigo.es\/web\/wp-content\/uploads\/2024\/10\/RI2024-Deficit-de-vitamina-D-en-pacientes-obesos-del-area-sanitaria-de-Vigo.jpg 1722w, https:\/\/www.afecvigo.es\/web\/wp-content\/uploads\/2024\/10\/RI2024-Deficit-de-vitamina-D-en-pacientes-obesos-del-area-sanitaria-de-Vigo-300x225.jpg 300w, https:\/\/www.afecvigo.es\/web\/wp-content\/uploads\/2024\/10\/RI2024-Deficit-de-vitamina-D-en-pacientes-obesos-del-area-sanitaria-de-Vigo-1024x769.jpg 1024w, https:\/\/www.afecvigo.es\/web\/wp-content\/uploads\/2024\/10\/RI2024-Deficit-de-vitamina-D-en-pacientes-obesos-del-area-sanitaria-de-Vigo-768x577.jpg 768w, https:\/\/www.afecvigo.es\/web\/wp-content\/uploads\/2024\/10\/RI2024-Deficit-de-vitamina-D-en-pacientes-obesos-del-area-sanitaria-de-Vigo-1536x1154.jpg 1536w\" sizes=\"auto, (max-width: 300px) 100vw, 300px\" \/><\/p><h4><a href=\"https:\/\/www.afecvigo.es\/web\/wp-content\/uploads\/2025\/04\/Eco-TIROIDES-TFR-2024-1.pdf\"><strong>Ecograf\u00eda tiroidea en el Centro de Salud: prevalencia, incidencia y derivaci\u00f3n de n\u00f3dulos tiroideos.<\/strong><\/a><\/h4><h4><img loading=\"lazy\" decoding=\"async\" class=\"alignnone wp-image-6469\" src=\"https:\/\/www.afecvigo.es\/web\/wp-content\/uploads\/2024\/10\/RI2024-Ecografia-tiroidea-en-el-Centro-de-salud.-Prevalencia-incidencia-y-derivacion-de-nodulos-tiroideos-1.jpg\" alt=\"\" width=\"321\" height=\"181\" srcset=\"https:\/\/www.afecvigo.es\/web\/wp-content\/uploads\/2024\/10\/RI2024-Ecografia-tiroidea-en-el-Centro-de-salud.-Prevalencia-incidencia-y-derivacion-de-nodulos-tiroideos-1.jpg 1501w, https:\/\/www.afecvigo.es\/web\/wp-content\/uploads\/2024\/10\/RI2024-Ecografia-tiroidea-en-el-Centro-de-salud.-Prevalencia-incidencia-y-derivacion-de-nodulos-tiroideos-1-300x169.jpg 300w, https:\/\/www.afecvigo.es\/web\/wp-content\/uploads\/2024\/10\/RI2024-Ecografia-tiroidea-en-el-Centro-de-salud.-Prevalencia-incidencia-y-derivacion-de-nodulos-tiroideos-1-1024x576.jpg 1024w, https:\/\/www.afecvigo.es\/web\/wp-content\/uploads\/2024\/10\/RI2024-Ecografia-tiroidea-en-el-Centro-de-salud.-Prevalencia-incidencia-y-derivacion-de-nodulos-tiroideos-1-768x432.jpg 768w\" sizes=\"auto, (max-width: 321px) 100vw, 321px\" \/><\/h4><h4><a href=\"https:\/\/www.afecvigo.es\/web\/wp-content\/uploads\/2025\/04\/SINERGIAPS.pdf\"><strong>Estudio SINERGIAPS.<\/strong><\/a><\/h4><p><img loading=\"lazy\" decoding=\"async\" class=\"wp-image-6454 alignleft\" src=\"https:\/\/www.afecvigo.es\/web\/wp-content\/uploads\/2024\/10\/RI2024-Estudio-SINERGIAPS.jpg\" alt=\"\" width=\"325\" height=\"183\" srcset=\"https:\/\/www.afecvigo.es\/web\/wp-content\/uploads\/2024\/10\/RI2024-Estudio-SINERGIAPS.jpg 1722w, https:\/\/www.afecvigo.es\/web\/wp-content\/uploads\/2024\/10\/RI2024-Estudio-SINERGIAPS-300x169.jpg 300w, https:\/\/www.afecvigo.es\/web\/wp-content\/uploads\/2024\/10\/RI2024-Estudio-SINERGIAPS-1024x576.jpg 1024w, https:\/\/www.afecvigo.es\/web\/wp-content\/uploads\/2024\/10\/RI2024-Estudio-SINERGIAPS-768x432.jpg 768w, https:\/\/www.afecvigo.es\/web\/wp-content\/uploads\/2024\/10\/RI2024-Estudio-SINERGIAPS-1536x864.jpg 1536w\" sizes=\"auto, (max-width: 325px) 100vw, 325px\" \/><\/p><h4><a href=\"https:\/\/www.afecvigo.es\/web\/wp-content\/uploads\/2025\/04\/RI2024-Intervencion-clinica-breve-en-pacientes-con-consumo-de-riesgo-de-alcohol.pdf\" target=\"_blank\" rel=\"noopener\">Intervenci\u00f3n cl\u00ednica breve en pacientes con consumo de riesgo de alcohol.<\/a><\/h4><p><img loading=\"lazy\" decoding=\"async\" class=\"alignnone \" src=\"https:\/\/www.afecvigo.es\/web\/wp-content\/uploads\/2025\/04\/RI2024-Intervencion-clinica-breve-en-pacientes-con-consumo-de-riesgo-de-alcohol.png\" width=\"302\" height=\"168\" \/><\/p><h4><a href=\"https:\/\/www.afecvigo.es\/web\/wp-content\/uploads\/2025\/04\/Salud-mental-cuidador-no-profesional.pdf\"><strong>Impacto en la salud del cuidador no profesional del paciente dependiente.<\/strong><\/a><\/h4><p><img loading=\"lazy\" decoding=\"async\" class=\"alignnone wp-image-6456\" src=\"https:\/\/www.afecvigo.es\/web\/wp-content\/uploads\/2024\/10\/RI2024-Impacto-en-la-salud-del-cuidador-no-profesional-del-paciente-dependiente.jpg\" alt=\"\" width=\"322\" height=\"182\" srcset=\"https:\/\/www.afecvigo.es\/web\/wp-content\/uploads\/2024\/10\/RI2024-Impacto-en-la-salud-del-cuidador-no-profesional-del-paciente-dependiente.jpg 1723w, https:\/\/www.afecvigo.es\/web\/wp-content\/uploads\/2024\/10\/RI2024-Impacto-en-la-salud-del-cuidador-no-profesional-del-paciente-dependiente-300x169.jpg 300w, https:\/\/www.afecvigo.es\/web\/wp-content\/uploads\/2024\/10\/RI2024-Impacto-en-la-salud-del-cuidador-no-profesional-del-paciente-dependiente-1024x578.jpg 1024w, https:\/\/www.afecvigo.es\/web\/wp-content\/uploads\/2024\/10\/RI2024-Impacto-en-la-salud-del-cuidador-no-profesional-del-paciente-dependiente-768x433.jpg 768w, https:\/\/www.afecvigo.es\/web\/wp-content\/uploads\/2024\/10\/RI2024-Impacto-en-la-salud-del-cuidador-no-profesional-del-paciente-dependiente-1536x867.jpg 1536w\" sizes=\"auto, (max-width: 322px) 100vw, 322px\" \/><\/p><h4><a href=\"https:\/\/www.afecvigo.es\/web\/wp-content\/uploads\/2025\/04\/Salud-Mental-adolescentes.pdf\"><strong>Percepci\u00f3n del bienestar psicol\u00f3gico en adolescentes del IES Beade.<\/strong><\/a><\/h4><p><img loading=\"lazy\" decoding=\"async\" class=\"alignnone wp-image-6458\" src=\"https:\/\/www.afecvigo.es\/web\/wp-content\/uploads\/2024\/10\/RI2024-Percepcion-del-bienestar-psicologico-en-adolescentes-del-IES-Beade.jpg\" alt=\"\" width=\"324\" height=\"183\" srcset=\"https:\/\/www.afecvigo.es\/web\/wp-content\/uploads\/2024\/10\/RI2024-Percepcion-del-bienestar-psicologico-en-adolescentes-del-IES-Beade.jpg 1723w, https:\/\/www.afecvigo.es\/web\/wp-content\/uploads\/2024\/10\/RI2024-Percepcion-del-bienestar-psicologico-en-adolescentes-del-IES-Beade-300x169.jpg 300w, https:\/\/www.afecvigo.es\/web\/wp-content\/uploads\/2024\/10\/RI2024-Percepcion-del-bienestar-psicologico-en-adolescentes-del-IES-Beade-1024x577.jpg 1024w, https:\/\/www.afecvigo.es\/web\/wp-content\/uploads\/2024\/10\/RI2024-Percepcion-del-bienestar-psicologico-en-adolescentes-del-IES-Beade-768x433.jpg 768w, https:\/\/www.afecvigo.es\/web\/wp-content\/uploads\/2024\/10\/RI2024-Percepcion-del-bienestar-psicologico-en-adolescentes-del-IES-Beade-1536x866.jpg 1536w\" sizes=\"auto, (max-width: 324px) 100vw, 324px\" \/><\/p><h4><a href=\"https:\/\/www.afecvigo.es\/web\/wp-content\/uploads\/2025\/04\/Revision-sistematica_Arantxa-val-minor-.pdf\"><strong>Revisi\u00f3n sistem\u00e1tica del impacto de los determinantes sociales en la morbilidad pedi\u00e1trica.<\/strong><\/a><\/h4><p><img loading=\"lazy\" decoding=\"async\" class=\"alignnone wp-image-6738\" src=\"https:\/\/www.afecvigo.es\/web\/wp-content\/uploads\/2025\/04\/revisionsis.png\" alt=\"\" width=\"319\" height=\"170\" srcset=\"https:\/\/www.afecvigo.es\/web\/wp-content\/uploads\/2025\/04\/revisionsis.png 1572w, https:\/\/www.afecvigo.es\/web\/wp-content\/uploads\/2025\/04\/revisionsis-300x160.png 300w, https:\/\/www.afecvigo.es\/web\/wp-content\/uploads\/2025\/04\/revisionsis-1024x546.png 1024w, https:\/\/www.afecvigo.es\/web\/wp-content\/uploads\/2025\/04\/revisionsis-768x409.png 768w, https:\/\/www.afecvigo.es\/web\/wp-content\/uploads\/2025\/04\/revisionsis-1536x819.png 1536w\" sizes=\"auto, (max-width: 319px) 100vw, 319px\" \/><\/p><h4><a href=\"https:\/\/www.afecvigo.es\/web\/wp-content\/uploads\/2025\/04\/Salud-Menstrual-TFR.pdf\"><strong>Salud menstrual, salud mental y calidad de vida.<\/strong><\/a><\/h4><p><img loading=\"lazy\" decoding=\"async\" class=\"alignnone wp-image-6462\" src=\"https:\/\/www.afecvigo.es\/web\/wp-content\/uploads\/2024\/10\/RI2024-Salud-menstrual-salud-mental-y-calidad-de-vida.jpg\" alt=\"\" width=\"324\" height=\"183\" srcset=\"https:\/\/www.afecvigo.es\/web\/wp-content\/uploads\/2024\/10\/RI2024-Salud-menstrual-salud-mental-y-calidad-de-vida.jpg 1722w, https:\/\/www.afecvigo.es\/web\/wp-content\/uploads\/2024\/10\/RI2024-Salud-menstrual-salud-mental-y-calidad-de-vida-300x169.jpg 300w, https:\/\/www.afecvigo.es\/web\/wp-content\/uploads\/2024\/10\/RI2024-Salud-menstrual-salud-mental-y-calidad-de-vida-1024x577.jpg 1024w, https:\/\/www.afecvigo.es\/web\/wp-content\/uploads\/2024\/10\/RI2024-Salud-menstrual-salud-mental-y-calidad-de-vida-768x433.jpg 768w, https:\/\/www.afecvigo.es\/web\/wp-content\/uploads\/2024\/10\/RI2024-Salud-menstrual-salud-mental-y-calidad-de-vida-1536x866.jpg 1536w\" sizes=\"auto, (max-width: 324px) 100vw, 324px\" \/><\/p><\/div>\n\t\t\t\t\t\t\t\t\t<div class=\"elementor-tab-title elementor-tab-mobile-title\" aria-selected=\"false\" data-tab=\"3\" role=\"tab\" tabindex=\"-1\" aria-controls=\"elementor-tab-content-6053\" aria-expanded=\"false\">2023<\/div>\n\t\t\t\t\t<div id=\"elementor-tab-content-6053\" class=\"elementor-tab-content elementor-clearfix\" data-tab=\"3\" role=\"tabpanel\" aria-labelledby=\"elementor-tab-title-6053\" tabindex=\"0\" hidden=\"hidden\"><h4><a href=\"https:\/\/drive.google.com\/drive\/folders\/1S8b8QqcRQC9WBBSB-fmQn-b5_f2DAD8n\"><strong>Percepci\u00f3n de la violencia de g\u00e9nero entre los estudiantes de ciencias de la salud.<\/strong><\/a><\/h4><h4><strong><img loading=\"lazy\" decoding=\"async\" class=\"alignnone wp-image-6141\" src=\"https:\/\/www.afecvigo.es\/web\/wp-content\/uploads\/2024\/01\/violencia.png\" alt=\"\" width=\"230\" height=\"157\" srcset=\"https:\/\/www.afecvigo.es\/web\/wp-content\/uploads\/2024\/01\/violencia.png 847w, https:\/\/www.afecvigo.es\/web\/wp-content\/uploads\/2024\/01\/violencia-300x205.png 300w, https:\/\/www.afecvigo.es\/web\/wp-content\/uploads\/2024\/01\/violencia-768x524.png 768w\" sizes=\"auto, (max-width: 230px) 100vw, 230px\" \/><\/strong><\/h4><h4><a href=\"https:\/\/drive.google.com\/drive\/folders\/1S8b8QqcRQC9WBBSB-fmQn-b5_f2DAD8n\"><strong>Uso de las TIC&#8217;s en el seguimiento del paciente con HTA.<br \/><\/strong><\/a><\/h4><h4><strong><img loading=\"lazy\" decoding=\"async\" class=\"alignnone wp-image-6142\" src=\"https:\/\/www.afecvigo.es\/web\/wp-content\/uploads\/2024\/01\/TICS.png\" alt=\"\" width=\"230\" height=\"115\" srcset=\"https:\/\/www.afecvigo.es\/web\/wp-content\/uploads\/2024\/01\/TICS.png 971w, https:\/\/www.afecvigo.es\/web\/wp-content\/uploads\/2024\/01\/TICS-300x150.png 300w, https:\/\/www.afecvigo.es\/web\/wp-content\/uploads\/2024\/01\/TICS-768x385.png 768w\" sizes=\"auto, (max-width: 230px) 100vw, 230px\" \/><\/strong><\/h4><h4><a href=\"https:\/\/drive.google.com\/drive\/folders\/1S8b8QqcRQC9WBBSB-fmQn-b5_f2DAD8n\"><strong>Consumo de riesgo y trastorno por consumo de alcohol detectados en Atenci\u00f3n Primaria de Vigo.<\/strong><\/a><\/h4><p><strong><img loading=\"lazy\" decoding=\"async\" class=\"alignnone wp-image-6143\" src=\"https:\/\/www.afecvigo.es\/web\/wp-content\/uploads\/2024\/01\/alcohol.png\" alt=\"\" width=\"239\" height=\"129\" srcset=\"https:\/\/www.afecvigo.es\/web\/wp-content\/uploads\/2024\/01\/alcohol.png 965w, https:\/\/www.afecvigo.es\/web\/wp-content\/uploads\/2024\/01\/alcohol-300x163.png 300w, https:\/\/www.afecvigo.es\/web\/wp-content\/uploads\/2024\/01\/alcohol-768x416.png 768w\" sizes=\"auto, (max-width: 239px) 100vw, 239px\" \/><\/strong><\/p><h4><a href=\"https:\/\/drive.google.com\/drive\/folders\/1S8b8QqcRQC9WBBSB-fmQn-b5_f2DAD8n\"><strong>Opini\u00f3n de la comunidad de Val Mi\u00f1or sobre el consumo de t\u00f3xicos y otras conductas adictivas de sus adolescentes de 14 a 18 a\u00f1os.<\/strong><\/a><\/h4><p><strong><img loading=\"lazy\" decoding=\"async\" class=\"alignnone wp-image-6144\" src=\"https:\/\/www.afecvigo.es\/web\/wp-content\/uploads\/2024\/01\/valminor.png\" alt=\"\" width=\"233\" height=\"124\" srcset=\"https:\/\/www.afecvigo.es\/web\/wp-content\/uploads\/2024\/01\/valminor.png 973w, https:\/\/www.afecvigo.es\/web\/wp-content\/uploads\/2024\/01\/valminor-300x159.png 300w, https:\/\/www.afecvigo.es\/web\/wp-content\/uploads\/2024\/01\/valminor-768x408.png 768w\" sizes=\"auto, (max-width: 233px) 100vw, 233px\" \/><\/strong><\/p><h4><a href=\"https:\/\/drive.google.com\/drive\/folders\/1S8b8QqcRQC9WBBSB-fmQn-b5_f2DAD8n\"><strong>Burnout y h\u00e1bitos saludables.<\/strong><\/a><\/h4><p><strong><img loading=\"lazy\" decoding=\"async\" class=\"alignnone wp-image-6145\" src=\"https:\/\/www.afecvigo.es\/web\/wp-content\/uploads\/2024\/01\/burnout.png\" alt=\"\" width=\"235\" height=\"127\" srcset=\"https:\/\/www.afecvigo.es\/web\/wp-content\/uploads\/2024\/01\/burnout.png 990w, https:\/\/www.afecvigo.es\/web\/wp-content\/uploads\/2024\/01\/burnout-300x162.png 300w, https:\/\/www.afecvigo.es\/web\/wp-content\/uploads\/2024\/01\/burnout-768x416.png 768w\" sizes=\"auto, (max-width: 235px) 100vw, 235px\" \/><\/strong><\/p><h4><strong><a href=\"https:\/\/drive.google.com\/drive\/folders\/1S8b8QqcRQC9WBBSB-fmQn-b5_f2DAD8n\">Prevalencia de disfagia orofar\u00edngea en pacientes de 75 a\u00f1os o m\u00e1s en Atenci\u00f3n Primaria del \u00e1rea sanitaria de Vigo.<\/a><\/strong><\/h4><h4><strong><a href=\"https:\/\/drive.google.com\/drive\/folders\/1S8b8QqcRQC9WBBSB-fmQn-b5_f2DAD8n\"><img loading=\"lazy\" decoding=\"async\" class=\"alignnone wp-image-6162\" src=\"https:\/\/www.afecvigo.es\/web\/wp-content\/uploads\/2024\/01\/f.png\" alt=\"\" width=\"228\" height=\"129\" srcset=\"https:\/\/www.afecvigo.es\/web\/wp-content\/uploads\/2024\/01\/f.png 782w, https:\/\/www.afecvigo.es\/web\/wp-content\/uploads\/2024\/01\/f-300x170.png 300w, https:\/\/www.afecvigo.es\/web\/wp-content\/uploads\/2024\/01\/f-768x436.png 768w\" sizes=\"auto, (max-width: 228px) 100vw, 228px\" \/><\/a>\u00a0\u00a0\u00a0 <\/strong><\/h4><h4><a href=\"https:\/\/drive.google.com\/drive\/folders\/1S8b8QqcRQC9WBBSB-fmQn-b5_f2DAD8n\"><strong>Manifestaciones cl\u00ednicas y factores de riesgo asociados tras infecci\u00f3n aguda por COVID-19.<\/strong><\/a><\/h4><p><strong><img loading=\"lazy\" decoding=\"async\" class=\"alignnone wp-image-6161\" src=\"https:\/\/www.afecvigo.es\/web\/wp-content\/uploads\/2024\/01\/g.png\" alt=\"\" width=\"237\" height=\"131\" srcset=\"https:\/\/www.afecvigo.es\/web\/wp-content\/uploads\/2024\/01\/g.png 797w, https:\/\/www.afecvigo.es\/web\/wp-content\/uploads\/2024\/01\/g-300x165.png 300w, https:\/\/www.afecvigo.es\/web\/wp-content\/uploads\/2024\/01\/g-768x423.png 768w\" sizes=\"auto, (max-width: 237px) 100vw, 237px\" \/><\/strong><\/p><h4><a href=\"https:\/\/drive.google.com\/drive\/folders\/1S8b8QqcRQC9WBBSB-fmQn-b5_f2DAD8n\"><strong>Prevalencia en enfermedad metab\u00f3lica hep\u00e1tica en pacientes do Centro de Salud de S\u00e1rdoma y su correlaci\u00f3n con fibrosis hep\u00e1tica y factores de riesgo cardiovascular.<\/strong><\/a><\/h4><h4><strong><img loading=\"lazy\" decoding=\"async\" class=\"alignnone wp-image-6160\" src=\"https:\/\/www.afecvigo.es\/web\/wp-content\/uploads\/2024\/01\/h.png\" alt=\"\" width=\"237\" height=\"133\" srcset=\"https:\/\/www.afecvigo.es\/web\/wp-content\/uploads\/2024\/01\/h.png 784w, https:\/\/www.afecvigo.es\/web\/wp-content\/uploads\/2024\/01\/h-300x168.png 300w, https:\/\/www.afecvigo.es\/web\/wp-content\/uploads\/2024\/01\/h-768x429.png 768w\" sizes=\"auto, (max-width: 237px) 100vw, 237px\" \/><\/strong><\/h4><h4><a href=\"https:\/\/drive.google.com\/drive\/folders\/1S8b8QqcRQC9WBBSB-fmQn-b5_f2DAD8n\"><strong>Efectividad de la vacunaci\u00f3n contra el Virus del Papiloma Humano (VPH) en las mujeres de Bembrive, Vigo.<\/strong><\/a><\/h4><p><strong><img loading=\"lazy\" decoding=\"async\" class=\"alignnone wp-image-6159\" src=\"https:\/\/www.afecvigo.es\/web\/wp-content\/uploads\/2024\/01\/i.png\" alt=\"\" width=\"229\" height=\"126\" srcset=\"https:\/\/www.afecvigo.es\/web\/wp-content\/uploads\/2024\/01\/i.png 795w, https:\/\/www.afecvigo.es\/web\/wp-content\/uploads\/2024\/01\/i-300x166.png 300w, https:\/\/www.afecvigo.es\/web\/wp-content\/uploads\/2024\/01\/i-768x425.png 768w\" sizes=\"auto, (max-width: 229px) 100vw, 229px\" \/><\/strong><\/p><h4><a href=\"https:\/\/drive.google.com\/drive\/folders\/1S8b8QqcRQC9WBBSB-fmQn-b5_f2DAD8n\"><strong>NOMOFOBIA (NO MObile PHOne phoBIA).<\/strong><\/a><\/h4><p><strong><img loading=\"lazy\" decoding=\"async\" class=\"alignnone wp-image-6158\" src=\"https:\/\/www.afecvigo.es\/web\/wp-content\/uploads\/2024\/01\/j.png\" alt=\"\" width=\"242\" height=\"137\" srcset=\"https:\/\/www.afecvigo.es\/web\/wp-content\/uploads\/2024\/01\/j.png 774w, https:\/\/www.afecvigo.es\/web\/wp-content\/uploads\/2024\/01\/j-300x171.png 300w, https:\/\/www.afecvigo.es\/web\/wp-content\/uploads\/2024\/01\/j-768x437.png 768w\" sizes=\"auto, (max-width: 242px) 100vw, 242px\" \/><\/strong><\/p><h4><a href=\"https:\/\/drive.google.com\/drive\/folders\/1S8b8QqcRQC9WBBSB-fmQn-b5_f2DAD8n\"><strong>Utilidad de la ecograf\u00eda en el manejo de la enfermedad nodular tiroidea en Atenci\u00f3n Primaria.<\/strong><\/a><\/h4><p><strong><img loading=\"lazy\" decoding=\"async\" class=\"alignnone wp-image-6157\" src=\"https:\/\/www.afecvigo.es\/web\/wp-content\/uploads\/2024\/01\/k.png\" alt=\"\" width=\"239\" height=\"134\" srcset=\"https:\/\/www.afecvigo.es\/web\/wp-content\/uploads\/2024\/01\/k.png 784w, https:\/\/www.afecvigo.es\/web\/wp-content\/uploads\/2024\/01\/k-300x168.png 300w, https:\/\/www.afecvigo.es\/web\/wp-content\/uploads\/2024\/01\/k-768x430.png 768w\" sizes=\"auto, (max-width: 239px) 100vw, 239px\" \/><\/strong><\/p><h4><a href=\"https:\/\/drive.google.com\/drive\/folders\/1S8b8QqcRQC9WBBSB-fmQn-b5_f2DAD8n\"><strong>Efecto de un programa de intervenci\u00f3n con Mindfulness en un grupo de m\u00e9dicos de Pontevedra y Madrid.<\/strong><\/a><\/h4><p><strong><img loading=\"lazy\" decoding=\"async\" class=\"alignnone wp-image-6156\" src=\"https:\/\/www.afecvigo.es\/web\/wp-content\/uploads\/2024\/01\/l.png\" alt=\"\" width=\"235\" height=\"132\" srcset=\"https:\/\/www.afecvigo.es\/web\/wp-content\/uploads\/2024\/01\/l.png 782w, https:\/\/www.afecvigo.es\/web\/wp-content\/uploads\/2024\/01\/l-300x169.png 300w, https:\/\/www.afecvigo.es\/web\/wp-content\/uploads\/2024\/01\/l-768x432.png 768w\" sizes=\"auto, (max-width: 235px) 100vw, 235px\" \/><\/strong><\/p><h4><a href=\"https:\/\/drive.google.com\/drive\/folders\/1S8b8QqcRQC9WBBSB-fmQn-b5_f2DAD8n\"><strong>Gesti\u00f3n emocional en la adolescencia.<\/strong><\/a><\/h4><p><strong><img loading=\"lazy\" decoding=\"async\" class=\"alignnone wp-image-6155\" src=\"https:\/\/www.afecvigo.es\/web\/wp-content\/uploads\/2024\/01\/m.png\" alt=\"\" width=\"232\" height=\"165\" srcset=\"https:\/\/www.afecvigo.es\/web\/wp-content\/uploads\/2024\/01\/m.png 789w, https:\/\/www.afecvigo.es\/web\/wp-content\/uploads\/2024\/01\/m-300x213.png 300w, https:\/\/www.afecvigo.es\/web\/wp-content\/uploads\/2024\/01\/m-768x545.png 768w\" sizes=\"auto, (max-width: 232px) 100vw, 232px\" \/><\/strong><\/p><h4><a href=\"https:\/\/drive.google.com\/drive\/folders\/1S8b8QqcRQC9WBBSB-fmQn-b5_f2DAD8n\"><strong>Ecograf\u00eda carot\u00eddea y reclasificaci\u00f3n de pacientes con riesgo cardiovascular intermedio-alto.<\/strong><\/a><\/h4><p><strong><img loading=\"lazy\" decoding=\"async\" class=\"alignnone wp-image-6154\" src=\"https:\/\/www.afecvigo.es\/web\/wp-content\/uploads\/2024\/01\/n.png\" alt=\"\" width=\"235\" height=\"127\" srcset=\"https:\/\/www.afecvigo.es\/web\/wp-content\/uploads\/2024\/01\/n.png 768w, https:\/\/www.afecvigo.es\/web\/wp-content\/uploads\/2024\/01\/n-300x161.png 300w\" sizes=\"auto, (max-width: 235px) 100vw, 235px\" \/><\/strong><\/p><h4><a href=\"https:\/\/drive.google.com\/drive\/folders\/1S8b8QqcRQC9WBBSB-fmQn-b5_f2DAD8n\"><strong>Prevenci\u00f3n de la depresi\u00f3n en el medio laboral mediante una intervenci\u00f3n personalizada basada en algoritmos de riesgo, TIC&#8217;s y sistemas de ayuda a las decisiones: ensayo controlado aleatorio.<\/strong><\/a><\/h4><h4>\u00a0<\/h4><\/div>\n\t\t\t\t\t\t\t\t\t<div class=\"elementor-tab-title elementor-tab-mobile-title\" aria-selected=\"false\" data-tab=\"4\" role=\"tab\" tabindex=\"-1\" aria-controls=\"elementor-tab-content-6054\" aria-expanded=\"false\">2022<\/div>\n\t\t\t\t\t<div id=\"elementor-tab-content-6054\" class=\"elementor-tab-content elementor-clearfix\" data-tab=\"4\" role=\"tabpanel\" aria-labelledby=\"elementor-tab-title-6054\" tabindex=\"0\" hidden=\"hidden\"><h4><strong>La soledad non deseada, su prevalencia y asociaci\u00f3n con la salud percibida en la poblaci\u00f3n general.<\/strong><\/h4><h4><strong>Fragilidad en ancianos mayores de 70 a\u00f1os en el Centro de Salud de S\u00e1rdoma.<\/strong><\/h4><h4><strong>Desarrollo de habilidades persoales para prevenir el burnout en residentes de Atenci\u00f3n Familiar y Comunitaria.<\/strong><\/h4><h4><strong>Edadismo: an\u00e1lisis de los estereotipos negativos del envejecimiento en profesionales de Atenci\u00f3n Primaria.<\/strong><\/h4><h4><strong>Validez de la escala SAME TTR2 en la predicci\u00f3n de la efectividad de anticoagulaci\u00f3n en pacientes con fibrilaci\u00f3n auricular no valvular.<\/strong><\/h4><h4><strong>Pensamiento real de los adolescentes del \u00e1rea de Val Mi\u00f1or acerca del consumo de t\u00f3xicos y otras conductas adictivas.<\/strong><\/h4><h4><strong>La pandemia del COVID-19: reorganizaci\u00f3n de los servicios de salud y afrontamiento del personal sanitario en la Atenci\u00f3n Primaria de Salud.<\/strong><\/h4><h4><strong>An\u00e1lisis de las repercusiones de las medidas de confinamiento en los pacientes con hiperlipidemia que se manejan desde Atenci\u00f3n Primaria.<\/strong><\/h4><h4><strong>Incidencia de la fractura de cadera osteopor\u00f3tica en Espa\u00f1a en relaci\u00f3n con el consumo de medicamentos con indicaciones para su prevenci\u00f3n.<\/strong><\/h4><h4><strong>La insuficiencia card\u00edaca. \u00bfQu\u00e9 hacemos en nuestros Centros de Salud?<\/strong><\/h4><\/div>\n\t\t\t\t\t\t\t\t\t<div class=\"elementor-tab-title elementor-tab-mobile-title\" aria-selected=\"false\" data-tab=\"5\" role=\"tab\" tabindex=\"-1\" aria-controls=\"elementor-tab-content-6055\" aria-expanded=\"false\">2021<\/div>\n\t\t\t\t\t<div id=\"elementor-tab-content-6055\" class=\"elementor-tab-content elementor-clearfix\" data-tab=\"5\" role=\"tabpanel\" aria-labelledby=\"elementor-tab-title-6055\" tabindex=\"0\" hidden=\"hidden\"><h4><a href=\"https:\/\/www.afecvigo.es\/web\/wp-content\/uploads\/2022\/02\/8.TOXICOS-29-ABRIL-21.pdf\" target=\"_blank\" rel=\"noreferrer noopener\" data-type=\"URL\" data-id=\"https:\/\/www.afecvigo.es\/web\/wp-content\/uploads\/2022\/02\/8.TOXICOS-29-ABRIL-21.pdf\"><strong>Consumo de t\u00f3xicos y otras conductas adictivas en adolescentes de 14-18 a\u00f1os en Val Mi\u00f1or.<\/strong><\/a><\/h4><h4><a href=\"https:\/\/www.afecvigo.es\/web\/wp-content\/uploads\/2022\/02\/8.TOXICOS-29-ABRIL-21.pdf\"><img loading=\"lazy\" decoding=\"async\" class=\"alignnone wp-image-3563 size-medium\" src=\"https:\/\/www.afecvigo.es\/web\/wp-content\/uploads\/2022\/03\/Toxicos-en-Val-Minor-2021-1-300x201.png\" alt=\"\" width=\"300\" height=\"201\" srcset=\"https:\/\/www.afecvigo.es\/web\/wp-content\/uploads\/2022\/03\/Toxicos-en-Val-Minor-2021-1-300x201.png 300w, https:\/\/www.afecvigo.es\/web\/wp-content\/uploads\/2022\/03\/Toxicos-en-Val-Minor-2021-1-1024x686.png 1024w, https:\/\/www.afecvigo.es\/web\/wp-content\/uploads\/2022\/03\/Toxicos-en-Val-Minor-2021-1-768x515.png 768w, https:\/\/www.afecvigo.es\/web\/wp-content\/uploads\/2022\/03\/Toxicos-en-Val-Minor-2021-1.png 1324w\" sizes=\"auto, (max-width: 300px) 100vw, 300px\" \/><\/a><\/h4><h4><a href=\"https:\/\/www.afecvigo.es\/web\/wp-content\/uploads\/2022\/02\/7-Investigacion-accion.pdf\" target=\"_blank\" rel=\"noreferrer noopener\" data-type=\"URL\" data-id=\"https:\/\/www.afecvigo.es\/web\/wp-content\/uploads\/2022\/02\/7-Investigacion-accion.pdf\"><strong>Investigaci\u00f3n Acci\u00f3n Participativa para evaluar el impacto de la difusi\u00f3n v\u00eda on-line de activos de salud.<\/strong><\/a><\/h4><h4><a href=\"https:\/\/www.afecvigo.es\/web\/wp-content\/uploads\/2022\/02\/7-Investigacion-accion.pdf\"><img loading=\"lazy\" decoding=\"async\" class=\"alignnone wp-image-3274 size-medium\" src=\"https:\/\/www.afecvigo.es\/web\/wp-content\/uploads\/2022\/02\/activos-1-300x184.png\" alt=\"\" width=\"300\" height=\"184\" srcset=\"https:\/\/www.afecvigo.es\/web\/wp-content\/uploads\/2022\/02\/activos-1-300x184.png 300w, https:\/\/www.afecvigo.es\/web\/wp-content\/uploads\/2022\/02\/activos-1-768x471.png 768w, https:\/\/www.afecvigo.es\/web\/wp-content\/uploads\/2022\/02\/activos-1.png 908w\" sizes=\"auto, (max-width: 300px) 100vw, 300px\" \/><\/a><\/h4><h4><a href=\"https:\/\/www.afecvigo.es\/web\/wp-content\/uploads\/2022\/02\/3-Aplicacion-PAE.pdf\" target=\"_blank\" rel=\"noreferrer noopener\" data-type=\"URL\" data-id=\"https:\/\/www.afecvigo.es\/web\/wp-content\/uploads\/2022\/02\/3-Aplicacion-PAE.pdf\"><strong>Aplicaci\u00f3n del Proceso de Atenci\u00f3n de Enfermer\u00eda a cuidadores no profesionales a trav\u00e9s de llamadas proactivas desde Atenci\u00f3n Primaria.<\/strong><\/a><\/h4><h4><a href=\"https:\/\/www.afecvigo.es\/web\/wp-content\/uploads\/2022\/02\/3-Aplicacion-PAE.pdf\"><img loading=\"lazy\" decoding=\"async\" class=\"alignnone wp-image-3269 size-medium\" src=\"https:\/\/www.afecvigo.es\/web\/wp-content\/uploads\/2022\/02\/cuidadores-informales-300x192.png\" alt=\"\" width=\"300\" height=\"192\" srcset=\"https:\/\/www.afecvigo.es\/web\/wp-content\/uploads\/2022\/02\/cuidadores-informales-300x192.png 300w, https:\/\/www.afecvigo.es\/web\/wp-content\/uploads\/2022\/02\/cuidadores-informales-1024x654.png 1024w, https:\/\/www.afecvigo.es\/web\/wp-content\/uploads\/2022\/02\/cuidadores-informales-768x491.png 768w, https:\/\/www.afecvigo.es\/web\/wp-content\/uploads\/2022\/02\/cuidadores-informales.png 1324w\" sizes=\"auto, (max-width: 300px) 100vw, 300px\" \/><\/a><\/h4><h4><a href=\"https:\/\/www.afecvigo.es\/web\/wp-content\/uploads\/2022\/02\/2-Presentacion.pdf\" target=\"_blank\" rel=\"noreferrer noopener\" data-type=\"URL\" data-id=\"https:\/\/www.afecvigo.es\/web\/wp-content\/uploads\/2022\/02\/2-Presentacion.pdf\"><strong>Valoraci\u00f3n de burnout en m\u00e9dicos de Atenci\u00f3n Primaria del \u00c1rea Sanitaria de Vigo durante la pandemia del COVID-19.<\/strong><\/a><\/h4><h4><a href=\"https:\/\/www.afecvigo.es\/web\/wp-content\/uploads\/2022\/02\/2-Presentacion.pdf\"><img loading=\"lazy\" decoding=\"async\" class=\"alignnone wp-image-3266 size-medium\" src=\"https:\/\/www.afecvigo.es\/web\/wp-content\/uploads\/2022\/02\/burnout-300x173.png\" alt=\"\" width=\"300\" height=\"173\" srcset=\"https:\/\/www.afecvigo.es\/web\/wp-content\/uploads\/2022\/02\/burnout-300x173.png 300w, https:\/\/www.afecvigo.es\/web\/wp-content\/uploads\/2022\/02\/burnout-1024x590.png 1024w, https:\/\/www.afecvigo.es\/web\/wp-content\/uploads\/2022\/02\/burnout-768x442.png 768w, https:\/\/www.afecvigo.es\/web\/wp-content\/uploads\/2022\/02\/burnout.png 1316w\" sizes=\"auto, (max-width: 300px) 100vw, 300px\" \/><\/a><\/h4><h4><a href=\"https:\/\/www.afecvigo.es\/web\/wp-content\/uploads\/2022\/02\/6-VALORACION-DE-LA-ENFERMEDAD-ARTERIAL-PERIFERICA-EN-RELACION-CON-LA-DISFUNCION-ERECTIL-EN-LAS-DIVERSAS-CATEGORIAS-DE-RIESGO-SCORE-UN-ESTUDIO-DE.pdf\" target=\"_blank\" rel=\"noreferrer noopener\" data-type=\"URL\" data-id=\"https:\/\/www.afecvigo.es\/web\/wp-content\/uploads\/2022\/02\/6-VALORACION-DE-LA-ENFERMEDAD-ARTERIAL-PERIFERICA-EN-RELACION-CON-LA-DISFUNCION-ERECTIL-EN-LAS-DIVERSAS-CATEGORIAS-DE-RIESGO-SCORE-UN-ESTUDIO-DE.pdf\"><strong>Valoraci\u00f3n de la enfermedad arterial perif\u00e9rica en relaci\u00f3n con la disfunci\u00f3n er\u00e9ctil en las diversas categor\u00edas de riesgo SCORE: un estudio de casos e controles.<\/strong><\/a><\/h4><h4><a href=\"https:\/\/www.afecvigo.es\/web\/wp-content\/uploads\/2022\/02\/5.Presentacion-Laura-definitiva.pdf\" target=\"_blank\" rel=\"noreferrer noopener\" data-type=\"URL\" data-id=\"https:\/\/www.afecvigo.es\/web\/wp-content\/uploads\/2022\/02\/5.Presentacion-Laura-definitiva.pdf\"><strong>Antropometr\u00eda infantil en Vigo.<\/strong><\/a><\/h4><h4><a href=\"https:\/\/www.afecvigo.es\/web\/wp-content\/uploads\/2022\/02\/5.Presentacion-Laura-definitiva.pdf\"><img loading=\"lazy\" decoding=\"async\" class=\"alignnone wp-image-3271 size-medium\" src=\"https:\/\/www.afecvigo.es\/web\/wp-content\/uploads\/2022\/02\/antropometria-300x212.png\" alt=\"\" width=\"300\" height=\"212\" srcset=\"https:\/\/www.afecvigo.es\/web\/wp-content\/uploads\/2022\/02\/antropometria-300x212.png 300w, https:\/\/www.afecvigo.es\/web\/wp-content\/uploads\/2022\/02\/antropometria-1024x724.png 1024w, https:\/\/www.afecvigo.es\/web\/wp-content\/uploads\/2022\/02\/antropometria-768x543.png 768w, https:\/\/www.afecvigo.es\/web\/wp-content\/uploads\/2022\/02\/antropometria.png 1312w\" sizes=\"auto, (max-width: 300px) 100vw, 300px\" \/><\/a><\/h4><h4><span style=\"color: #333333;\"><strong>An\u00e1lisis a 5 a\u00f1os sobre el estudio PROEPOC: valor predictivo y escalas multidimensionales.<\/strong><\/span><\/h4><h4><a href=\"https:\/\/www.afecvigo.es\/web\/wp-content\/uploads\/2022\/02\/4-proyecto-de-investigacion.pdf\" target=\"_blank\" rel=\"noreferrer noopener\" data-type=\"URL\" data-id=\"https:\/\/www.afecvigo.es\/web\/wp-content\/uploads\/2022\/02\/4-proyecto-de-investigacion.pdf\"><strong>Nivel de conocimientos en Reanimaci\u00f3n Cardiopulmonar en los m\u00e9dicos de Atenci\u00f3n Primaria.<\/strong><\/a><\/h4><h4><a href=\"https:\/\/www.afecvigo.es\/web\/wp-content\/uploads\/2022\/02\/4-proyecto-de-investigacion.pdf\"><img loading=\"lazy\" decoding=\"async\" class=\"alignnone wp-image-3284 size-medium\" src=\"https:\/\/www.afecvigo.es\/web\/wp-content\/uploads\/2022\/02\/RCP-1-300x229.png\" alt=\"\" width=\"300\" height=\"229\" srcset=\"https:\/\/www.afecvigo.es\/web\/wp-content\/uploads\/2022\/02\/RCP-1-300x229.png 300w, https:\/\/www.afecvigo.es\/web\/wp-content\/uploads\/2022\/02\/RCP-1-1024x783.png 1024w, https:\/\/www.afecvigo.es\/web\/wp-content\/uploads\/2022\/02\/RCP-1-768x587.png 768w, https:\/\/www.afecvigo.es\/web\/wp-content\/uploads\/2022\/02\/RCP-1.png 1140w\" sizes=\"auto, (max-width: 300px) 100vw, 300px\" \/><\/a><\/h4><\/div>\n\t\t\t\t\t\t\t\t\t<div class=\"elementor-tab-title elementor-tab-mobile-title\" aria-selected=\"false\" data-tab=\"6\" role=\"tab\" tabindex=\"-1\" aria-controls=\"elementor-tab-content-6056\" aria-expanded=\"false\">2020<\/div>\n\t\t\t\t\t<div id=\"elementor-tab-content-6056\" class=\"elementor-tab-content elementor-clearfix\" data-tab=\"6\" role=\"tabpanel\" aria-labelledby=\"elementor-tab-title-6056\" tabindex=\"0\" hidden=\"hidden\"><h4><strong><a href=\"https:\/\/www.afecvigo.es\/web\/wp-content\/uploads\/2022\/02\/TFR-MODIFICADO.pdf\" target=\"_blank\" rel=\"noreferrer noopener\" data-type=\"URL\" data-id=\"https:\/\/www.afecvigo.es\/web\/wp-content\/uploads\/2022\/02\/TFR-MODIFICADO.pdf\">Aplicaci\u00f3n de un programa de ejercicio f\u00edsico multicomponente para la mejora de la capacidad funcional ( VIVIFRAIL).<\/a><\/strong><\/h4><h4><img loading=\"lazy\" decoding=\"async\" class=\"alignnone wp-image-3215 \" src=\"https:\/\/www.afecvigo.es\/web\/wp-content\/uploads\/2022\/02\/20201008_190949-1-1024x498.jpg\" alt=\"\" width=\"410\" height=\"200\" srcset=\"https:\/\/www.afecvigo.es\/web\/wp-content\/uploads\/2022\/02\/20201008_190949-1-1024x498.jpg 1024w, https:\/\/www.afecvigo.es\/web\/wp-content\/uploads\/2022\/02\/20201008_190949-1-300x146.jpg 300w, https:\/\/www.afecvigo.es\/web\/wp-content\/uploads\/2022\/02\/20201008_190949-1-768x373.jpg 768w, https:\/\/www.afecvigo.es\/web\/wp-content\/uploads\/2022\/02\/20201008_190949-1-1536x747.jpg 1536w, https:\/\/www.afecvigo.es\/web\/wp-content\/uploads\/2022\/02\/20201008_190949-1-2048x996.jpg 2048w\" sizes=\"auto, (max-width: 410px) 100vw, 410px\" \/><\/h4><h4><strong><a href=\"https:\/\/www.afecvigo.es\/web\/wp-content\/uploads\/2022\/02\/VPH-final.pdf\" target=\"_blank\" rel=\"noreferrer noopener\" data-type=\"URL\" data-id=\"https:\/\/www.afecvigo.es\/web\/wp-content\/uploads\/2022\/02\/VPH-final.pdf\" data-wplink-edit=\"true\">Cribado de c\u00e1ncer de c\u00e9rvix: \u00bfqu\u00e9 sabemos las mujeres en Vigo?<\/a><\/strong><\/h4><h4><img loading=\"lazy\" decoding=\"async\" class=\"alignnone wp-image-3214 \" src=\"https:\/\/www.afecvigo.es\/web\/wp-content\/uploads\/2022\/02\/20201008_191016-2-1024x498.jpg\" alt=\"\" width=\"411\" height=\"200\" srcset=\"https:\/\/www.afecvigo.es\/web\/wp-content\/uploads\/2022\/02\/20201008_191016-2-1024x498.jpg 1024w, https:\/\/www.afecvigo.es\/web\/wp-content\/uploads\/2022\/02\/20201008_191016-2-300x146.jpg 300w, https:\/\/www.afecvigo.es\/web\/wp-content\/uploads\/2022\/02\/20201008_191016-2-768x373.jpg 768w, https:\/\/www.afecvigo.es\/web\/wp-content\/uploads\/2022\/02\/20201008_191016-2-1536x747.jpg 1536w, https:\/\/www.afecvigo.es\/web\/wp-content\/uploads\/2022\/02\/20201008_191016-2-2048x996.jpg 2048w\" sizes=\"auto, (max-width: 411px) 100vw, 411px\" \/><\/h4><h4><strong><a href=\"https:\/\/www.afecvigo.es\/web\/wp-content\/uploads\/2022\/02\/Proyecto-ppt-FINAL-10-OCTOB.pdf\" target=\"_blank\" rel=\"noreferrer noopener\" data-type=\"URL\" data-id=\"https:\/\/www.afecvigo.es\/web\/wp-content\/uploads\/2022\/02\/Proyecto-ppt-FINAL-10-OCTOB.pdf\">Efectividad de un programa grupal de fisioterapia respiratoria en Atenci\u00f3n Primaria en pacientes EPOC de grado moderado-grave.<\/a><\/strong><\/h4><h4><img loading=\"lazy\" decoding=\"async\" class=\"alignnone wp-image-3211 \" src=\"https:\/\/www.afecvigo.es\/web\/wp-content\/uploads\/2022\/02\/20201008_191008-1024x498.jpg\" alt=\"\" width=\"411\" height=\"200\" srcset=\"https:\/\/www.afecvigo.es\/web\/wp-content\/uploads\/2022\/02\/20201008_191008-1024x498.jpg 1024w, https:\/\/www.afecvigo.es\/web\/wp-content\/uploads\/2022\/02\/20201008_191008-300x146.jpg 300w, https:\/\/www.afecvigo.es\/web\/wp-content\/uploads\/2022\/02\/20201008_191008-768x373.jpg 768w, https:\/\/www.afecvigo.es\/web\/wp-content\/uploads\/2022\/02\/20201008_191008-1536x747.jpg 1536w, https:\/\/www.afecvigo.es\/web\/wp-content\/uploads\/2022\/02\/20201008_191008-2048x996.jpg 2048w\" sizes=\"auto, (max-width: 411px) 100vw, 411px\" \/><\/h4><\/div>\n\t\t\t\t\t\t\t\t\t<div class=\"elementor-tab-title elementor-tab-mobile-title\" aria-selected=\"false\" data-tab=\"7\" role=\"tab\" tabindex=\"-1\" aria-controls=\"elementor-tab-content-6057\" aria-expanded=\"false\">2019<\/div>\n\t\t\t\t\t<div id=\"elementor-tab-content-6057\" class=\"elementor-tab-content elementor-clearfix\" data-tab=\"7\" role=\"tabpanel\" aria-labelledby=\"elementor-tab-title-6057\" tabindex=\"0\" hidden=\"hidden\"><h4><strong><a href=\"https:\/\/www.afecvigo.es\/web\/wp-content\/uploads\/2022\/02\/Violencia-Genero-Proyecto-2019.pdf\" data-type=\"URL\" data-id=\"https:\/\/www.afecvigo.es\/web\/wp-content\/uploads\/2022\/02\/Violencia-Genero-Proyecto-2019.pdf\">Efectividad de una intervenci\u00f3n educativa sobre violencia de g\u00e9nero en centros de Atenci\u00f3n Primaria en el \u00c1rea de Vigo.<\/a><\/strong><\/h4><h4><img loading=\"lazy\" decoding=\"async\" class=\"wp-image-2849 alignleft\" src=\"https:\/\/www.afecvigo.es\/web\/wp-content\/uploads\/2022\/02\/Violencia-genero-300x220.png\" alt=\"\" width=\"399\" height=\"293\" srcset=\"https:\/\/www.afecvigo.es\/web\/wp-content\/uploads\/2022\/02\/Violencia-genero-300x220.png 300w, https:\/\/www.afecvigo.es\/web\/wp-content\/uploads\/2022\/02\/Violencia-genero-1024x749.png 1024w, https:\/\/www.afecvigo.es\/web\/wp-content\/uploads\/2022\/02\/Violencia-genero-768x562.png 768w, https:\/\/www.afecvigo.es\/web\/wp-content\/uploads\/2022\/02\/Violencia-genero-1536x1124.png 1536w, https:\/\/www.afecvigo.es\/web\/wp-content\/uploads\/2022\/02\/Violencia-genero-2048x1499.png 2048w\" sizes=\"auto, (max-width: 399px) 100vw, 399px\" \/><\/h4><h4>\u00a0<\/h4><h4><strong><a href=\"https:\/\/www.afecvigo.es\/web\/wp-content\/uploads\/2022\/02\/Presentacion-EUPI-a_5.pdf\" target=\"_blank\" rel=\"noreferrer noopener\" data-type=\"URL\" data-id=\"https:\/\/www.afecvigo.es\/web\/wp-content\/uploads\/2022\/02\/Presentacion-EUPI-a_5.pdf\">Uso problem\u00e1tico de internet en los adolescentes del \u00e1rea sanitaria de Vigo.<\/a>\u00a0<\/strong><\/h4><p style=\"text-align: left;\"><span style=\"color: #785e91;\"><strong>(<\/strong><a style=\"font-size: 16px; color: #785e91;\" href=\"https:\/\/www.sanidad.gob.es\/biblioPublic\/publicaciones\/recursos_propios\/resp\/revista_cdrom\/VOL94\/ORIGINALES\/RS94C_202005035.pdf\" target=\"_blank\" rel=\"noreferrer noopener\" data-type=\"URL\" data-id=\"https:\/\/www.sanidad.gob.es\/biblioPublic\/publicaciones\/recursos_propios\/resp\/revista_cdrom\/VOL94\/ORIGINALES\/RS94C_202005035.pdf\"><strong>Rev Esp Salud P\u00fablica. 2020; Vol. 94: 12 de mayo e1-12.<\/strong><\/a>)<\/span><\/p><h4><img loading=\"lazy\" decoding=\"async\" class=\"alignnone wp-image-2844\" src=\"https:\/\/www.afecvigo.es\/web\/wp-content\/uploads\/2022\/02\/Internet-300x205.png\" alt=\"\" width=\"406\" height=\"277\" srcset=\"https:\/\/www.afecvigo.es\/web\/wp-content\/uploads\/2022\/02\/Internet-300x205.png 300w, https:\/\/www.afecvigo.es\/web\/wp-content\/uploads\/2022\/02\/Internet-1024x700.png 1024w, https:\/\/www.afecvigo.es\/web\/wp-content\/uploads\/2022\/02\/Internet-768x525.png 768w, https:\/\/www.afecvigo.es\/web\/wp-content\/uploads\/2022\/02\/Internet-1536x1051.png 1536w, https:\/\/www.afecvigo.es\/web\/wp-content\/uploads\/2022\/02\/Internet-2048x1401.png 2048w\" sizes=\"auto, (max-width: 406px) 100vw, 406px\" \/><\/h4><h4><strong><a href=\"https:\/\/www.afecvigo.es\/web\/wp-content\/uploads\/2022\/02\/Proyecto-CCR-final.pdf\" target=\"_blank\" rel=\"noreferrer noopener\" data-type=\"URL\" data-id=\"https:\/\/www.afecvigo.es\/web\/wp-content\/uploads\/2022\/02\/Proyecto-CCR-final.pdf\">Medici\u00f3n y conocimientos de capacidad cardiorrespiratoria de m\u00e9dicos y enfermeras de Atenci\u00f3n Primaria de Vigo.<\/a><\/strong><\/h4><h4><img loading=\"lazy\" decoding=\"async\" class=\"alignnone wp-image-2851\" src=\"https:\/\/www.afecvigo.es\/web\/wp-content\/uploads\/2022\/02\/Capacidad-cardiorrespiratoria-300x179.png\" alt=\"\" width=\"407\" height=\"243\" srcset=\"https:\/\/www.afecvigo.es\/web\/wp-content\/uploads\/2022\/02\/Capacidad-cardiorrespiratoria-300x179.png 300w, https:\/\/www.afecvigo.es\/web\/wp-content\/uploads\/2022\/02\/Capacidad-cardiorrespiratoria-1024x612.png 1024w, https:\/\/www.afecvigo.es\/web\/wp-content\/uploads\/2022\/02\/Capacidad-cardiorrespiratoria-768x459.png 768w, https:\/\/www.afecvigo.es\/web\/wp-content\/uploads\/2022\/02\/Capacidad-cardiorrespiratoria-1536x918.png 1536w, https:\/\/www.afecvigo.es\/web\/wp-content\/uploads\/2022\/02\/Capacidad-cardiorrespiratoria-2048x1224.png 2048w\" sizes=\"auto, (max-width: 407px) 100vw, 407px\" \/><\/h4><h4><strong><a href=\"https:\/\/www.afecvigo.es\/web\/wp-content\/uploads\/2022\/02\/PresentandoMAGICresul_revisado.pdf\" target=\"_blank\" rel=\"noreferrer noopener\" data-type=\"URL\" data-id=\"https:\/\/www.afecvigo.es\/web\/wp-content\/uploads\/2022\/02\/PresentandoMAGICresul_revisado.pdf\">Valoraci\u00f3n geri\u00e1trica integral con el instrumento MAGIC modificado y calidad de vida en ancianos: \u00bfinfluye el orden de administraci\u00f3n de los cuestionarios?<\/a><\/strong><\/h4><h4><img loading=\"lazy\" decoding=\"async\" class=\"alignnone wp-image-2845\" src=\"https:\/\/www.afecvigo.es\/web\/wp-content\/uploads\/2022\/02\/MAGIC-m-300x192.png\" alt=\"\" width=\"412\" height=\"264\" srcset=\"https:\/\/www.afecvigo.es\/web\/wp-content\/uploads\/2022\/02\/MAGIC-m-300x192.png 300w, https:\/\/www.afecvigo.es\/web\/wp-content\/uploads\/2022\/02\/MAGIC-m-1024x654.png 1024w, https:\/\/www.afecvigo.es\/web\/wp-content\/uploads\/2022\/02\/MAGIC-m-768x490.png 768w, https:\/\/www.afecvigo.es\/web\/wp-content\/uploads\/2022\/02\/MAGIC-m-1536x981.png 1536w, https:\/\/www.afecvigo.es\/web\/wp-content\/uploads\/2022\/02\/MAGIC-m-2048x1307.png 2048w\" sizes=\"auto, (max-width: 412px) 100vw, 412px\" \/><\/h4><h4><strong><a href=\"https:\/\/www.afecvigo.es\/web\/wp-content\/uploads\/2022\/02\/PROYECTOepocdefinitivo.pdf\" target=\"_blank\" rel=\"noreferrer noopener\" data-type=\"URL\" data-id=\"https:\/\/www.afecvigo.es\/web\/wp-content\/uploads\/2022\/02\/PROYECTOepocdefinitivo.pdf\">La Enfermedad Pulmonar Obstructiva Cr\u00f3nica como factor de riesgo cardiovascular independiente.<\/a><\/strong><\/h4><h4><img loading=\"lazy\" decoding=\"async\" class=\"alignnone wp-image-2842\" src=\"https:\/\/www.afecvigo.es\/web\/wp-content\/uploads\/2022\/02\/EPOC-300x200.png\" alt=\"\" width=\"407\" height=\"272\" srcset=\"https:\/\/www.afecvigo.es\/web\/wp-content\/uploads\/2022\/02\/EPOC-300x200.png 300w, https:\/\/www.afecvigo.es\/web\/wp-content\/uploads\/2022\/02\/EPOC-1024x683.png 1024w, https:\/\/www.afecvigo.es\/web\/wp-content\/uploads\/2022\/02\/EPOC-768x512.png 768w, https:\/\/www.afecvigo.es\/web\/wp-content\/uploads\/2022\/02\/EPOC-1536x1024.png 1536w, https:\/\/www.afecvigo.es\/web\/wp-content\/uploads\/2022\/02\/EPOC-2048x1365.png 2048w\" sizes=\"auto, (max-width: 407px) 100vw, 407px\" \/><\/h4><h4><strong><a href=\"https:\/\/www.afecvigo.es\/web\/wp-content\/uploads\/2022\/02\/Presentacion-DRUID-II.pdf\" target=\"_blank\" rel=\"noreferrer noopener\" data-type=\"URL\" data-id=\"https:\/\/www.afecvigo.es\/web\/wp-content\/uploads\/2022\/02\/Presentacion-DRUID-II.pdf\">Estudio descriptivo sobre el consumo de medicamentos incluidos en el proyecto DRUID en los conductores da \u00c1rea de Vigo.<\/a><\/strong><\/h4><h4><img loading=\"lazy\" decoding=\"async\" class=\"alignnone wp-image-2840\" src=\"https:\/\/www.afecvigo.es\/web\/wp-content\/uploads\/2022\/02\/DRUID-300x225.png\" alt=\"\" width=\"404\" height=\"303\" srcset=\"https:\/\/www.afecvigo.es\/web\/wp-content\/uploads\/2022\/02\/DRUID-300x225.png 300w, https:\/\/www.afecvigo.es\/web\/wp-content\/uploads\/2022\/02\/DRUID-1024x767.png 1024w, https:\/\/www.afecvigo.es\/web\/wp-content\/uploads\/2022\/02\/DRUID-768x575.png 768w, https:\/\/www.afecvigo.es\/web\/wp-content\/uploads\/2022\/02\/DRUID-1536x1151.png 1536w, https:\/\/www.afecvigo.es\/web\/wp-content\/uploads\/2022\/02\/DRUID-2048x1535.png 2048w\" sizes=\"auto, (max-width: 404px) 100vw, 404px\" \/><\/h4><h4><strong><a href=\"https:\/\/www.afecvigo.es\/web\/wp-content\/uploads\/2022\/02\/Presentacion.pdf\" target=\"_blank\" rel=\"noreferrer noopener\" data-type=\"URL\" data-id=\"https:\/\/www.afecvigo.es\/web\/wp-content\/uploads\/2022\/02\/Presentacion.pdf\">Prevalencia de enfermedades dermatol\u00f3gicas en Atenci\u00f3n Primaria.<\/a><\/strong><\/h4><h4><img loading=\"lazy\" decoding=\"async\" class=\"alignnone wp-image-2839\" src=\"https:\/\/www.afecvigo.es\/web\/wp-content\/uploads\/2022\/02\/Dermatologia-300x206.png\" alt=\"\" width=\"400\" height=\"275\" srcset=\"https:\/\/www.afecvigo.es\/web\/wp-content\/uploads\/2022\/02\/Dermatologia-300x206.png 300w, https:\/\/www.afecvigo.es\/web\/wp-content\/uploads\/2022\/02\/Dermatologia-1024x702.png 1024w, https:\/\/www.afecvigo.es\/web\/wp-content\/uploads\/2022\/02\/Dermatologia-768x527.png 768w, https:\/\/www.afecvigo.es\/web\/wp-content\/uploads\/2022\/02\/Dermatologia-1536x1053.png 1536w, https:\/\/www.afecvigo.es\/web\/wp-content\/uploads\/2022\/02\/Dermatologia-2048x1404.png 2048w\" sizes=\"auto, (max-width: 400px) 100vw, 400px\" \/><\/h4><h4><strong><a href=\"https:\/\/www.afecvigo.es\/web\/wp-content\/uploads\/2022\/02\/Evaluacion-de-HipoT-subclinico-en-AP-v4.pdf\" target=\"_blank\" rel=\"noreferrer noopener\" data-type=\"URL\" data-id=\"https:\/\/www.afecvigo.es\/web\/wp-content\/uploads\/2022\/02\/Evaluacion-de-HipoT-subclinico-en-AP-v4.pdf\">Evaluaci\u00f3n del protocolo de actuaci\u00f3n de hipotiroidismo subcl\u00ednico en Atenci\u00f3n Primaria.<\/a><\/strong><\/h4><h4><img loading=\"lazy\" decoding=\"async\" class=\"alignnone wp-image-2843\" src=\"https:\/\/www.afecvigo.es\/web\/wp-content\/uploads\/2022\/02\/Hipotiroidismo-300x181.png\" alt=\"\" width=\"404\" height=\"244\" srcset=\"https:\/\/www.afecvigo.es\/web\/wp-content\/uploads\/2022\/02\/Hipotiroidismo-300x181.png 300w, https:\/\/www.afecvigo.es\/web\/wp-content\/uploads\/2022\/02\/Hipotiroidismo-1024x617.png 1024w, https:\/\/www.afecvigo.es\/web\/wp-content\/uploads\/2022\/02\/Hipotiroidismo-768x463.png 768w, https:\/\/www.afecvigo.es\/web\/wp-content\/uploads\/2022\/02\/Hipotiroidismo-1536x926.png 1536w, https:\/\/www.afecvigo.es\/web\/wp-content\/uploads\/2022\/02\/Hipotiroidismo-2048x1234.png 2048w\" sizes=\"auto, (max-width: 404px) 100vw, 404px\" \/><\/h4><\/div>\n\t\t\t\t\t\t\t\t\t<div class=\"elementor-tab-title elementor-tab-mobile-title\" aria-selected=\"false\" data-tab=\"8\" role=\"tab\" tabindex=\"-1\" aria-controls=\"elementor-tab-content-6058\" aria-expanded=\"false\">2018<\/div>\n\t\t\t\t\t<div id=\"elementor-tab-content-6058\" class=\"elementor-tab-content elementor-clearfix\" data-tab=\"8\" role=\"tabpanel\" aria-labelledby=\"elementor-tab-title-6058\" tabindex=\"0\" hidden=\"hidden\"><h4><a href=\"https:\/\/www.afecvigo.es\/web\/wp-content\/uploads\/2022\/02\/Sensibilidad-y-especificidad-por-grupos-etarios-del-test-del-dimero-D.pdf\" target=\"_blank\" rel=\"noreferrer noopener\" data-type=\"URL\" data-id=\"https:\/\/www.afecvigo.es\/web\/wp-content\/uploads\/2022\/02\/Sensibilidad-y-especificidad-por-grupos-etarios-del-test-del-dimero-D.pdf\">Sensibilidad y especificidad por grupos etarios del test de d\u00edmero D. \u00bfEs posible interpretar sus datos con mayor precisi\u00f3n?<\/a><\/h4><h4><a href=\"https:\/\/www.afecvigo.es\/web\/wp-content\/uploads\/2022\/02\/T2018MAGIC.pdf\" target=\"_blank\" rel=\"noreferrer noopener\" data-type=\"URL\" data-id=\"https:\/\/www.afecvigo.es\/web\/wp-content\/uploads\/2022\/02\/T2018MAGIC.pdf\">Evaluaci\u00f3n geri\u00e1trica integral con la escala MAGIC y calidad de vida en pacientes ancianos de Atenci\u00f3n Primaria.<\/a><\/h4><h4><a href=\"https:\/\/www.afecvigo.es\/web\/wp-content\/uploads\/2022\/02\/T2018EcoCarotidea.pdf\" target=\"_blank\" rel=\"noreferrer noopener\" data-type=\"URL\">Evaluaci\u00f3n de la utilidad de diferentes m\u00e9todos en la estratificaci\u00f3n individual y la reclasificaci\u00f3n del riesgo cardiovascular de sujetos de riesgo intermedio en Atenci\u00f3n Primaria.<\/a><\/h4><\/div>\n\t\t\t\t\t\t\t<\/div>\n\t\t<\/div>\n\t\t\t\t<\/div>\n\t\t\t\t<\/div>\n\t\t\t\t\t\t<\/div>\n\t\t\t\t\t<\/div>\n\t\t<\/div>\n\t\t\t\t\t\t\t\t<\/div>\n\t\t\t\t\t<\/div>\n\t\t<\/section>\n\t\t\t\t\t\t\t\t\t<\/div>\n\t\t\t<\/div>\n\t\t\t\t\t<\/div>\n\t\t","protected":false},"excerpt":{"rendered":"<p>Resultados de Investigaci\u00f3n Fin de Residencia 2025 2024 2023 2022 2021 2020 2019 2018 2025 Seguimiento del paciente cr\u00f3nico: experiencia en el rural gallego. Aplicaci\u00f3n y validaci\u00f3n al gallego de la escala Mini Z Survey 2.0 para la detecci\u00f3n de burnout en el personal perteneciente al \u00c1rea Sanitaria de Vigo. Calidad asistencial y grado de &hellip;<\/p>\n<p class=\"read-more\"> <a class=\"\" href=\"https:\/\/www.afecvigo.es\/web\/?page_id=6727&#038;lang=es\"> <span class=\"screen-reader-text\">Resultados de Investigaci\u00f3n Fin de Residencia<\/span> Read More &raquo;<\/a><\/p>\n","protected":false},"author":1,"featured_media":0,"parent":0,"menu_order":0,"comment_status":"closed","ping_status":"closed","template":"","meta":{"footnotes":""},"class_list":["post-6727","page","type-page","status-publish","hentry"],"_links":{"self":[{"href":"https:\/\/www.afecvigo.es\/web\/index.php?rest_route=\/wp\/v2\/pages\/6727","targetHints":{"allow":["GET"]}}],"collection":[{"href":"https:\/\/www.afecvigo.es\/web\/index.php?rest_route=\/wp\/v2\/pages"}],"about":[{"href":"https:\/\/www.afecvigo.es\/web\/index.php?rest_route=\/wp\/v2\/types\/page"}],"author":[{"embeddable":true,"href":"https:\/\/www.afecvigo.es\/web\/index.php?rest_route=\/wp\/v2\/users\/1"}],"replies":[{"embeddable":true,"href":"https:\/\/www.afecvigo.es\/web\/index.php?rest_route=%2Fwp%2Fv2%2Fcomments&post=6727"}],"version-history":[{"count":23,"href":"https:\/\/www.afecvigo.es\/web\/index.php?rest_route=\/wp\/v2\/pages\/6727\/revisions"}],"predecessor-version":[{"id":7938,"href":"https:\/\/www.afecvigo.es\/web\/index.php?rest_route=\/wp\/v2\/pages\/6727\/revisions\/7938"}],"wp:attachment":[{"href":"https:\/\/www.afecvigo.es\/web\/index.php?rest_route=%2Fwp%2Fv2%2Fmedia&parent=6727"}],"curies":[{"name":"wp","href":"https:\/\/api.w.org\/{rel}","templated":true}]}}