{"id":3981,"date":"2022-09-26T11:07:33","date_gmt":"2022-09-26T11:07:33","guid":{"rendered":"https:\/\/www.afecvigo.es\/web\/?page_id=3981"},"modified":"2022-11-07T09:05:25","modified_gmt":"2022-11-07T09:05:25","slug":"solicitud-de-certificados-para-residentes","status":"publish","type":"page","link":"https:\/\/www.afecvigo.es\/web\/?page_id=3981&lang=es","title":{"rendered":"Solicitud de certificados para residentes"},"content":{"rendered":"\t\t<div data-elementor-type=\"wp-page\" data-elementor-id=\"3981\" class=\"elementor elementor-3981\">\n\t\t\t\t\t\t<div class=\"elementor-inner\">\n\t\t\t\t<div class=\"elementor-section-wrap\">\n\t\t\t\t\t\t\t\t\t<section class=\"elementor-section elementor-top-section elementor-element elementor-element-4bb5fb2 elementor-section-boxed elementor-section-height-default elementor-section-height-default\" data-id=\"4bb5fb2\" data-element_type=\"section\" data-settings=\"{&quot;background_background&quot;:&quot;classic&quot;}\">\n\t\t\t\t\t\t<div class=\"elementor-container elementor-column-gap-no\">\n\t\t\t\t\t\t\t<div class=\"elementor-row\">\n\t\t\t\t\t<div class=\"elementor-column elementor-col-100 elementor-top-column elementor-element elementor-element-7205b1f\" data-id=\"7205b1f\" data-element_type=\"column\">\n\t\t\t<div class=\"elementor-column-wrap elementor-element-populated\">\n\t\t\t\t\t\t\t<div class=\"elementor-widget-wrap\">\n\t\t\t\t\t\t<div class=\"elementor-element elementor-element-7af7268 elementor-widget elementor-widget-heading\" data-id=\"7af7268\" data-element_type=\"widget\" data-widget_type=\"heading.default\">\n\t\t\t\t<div class=\"elementor-widget-container\">\n\t\t\t<h2 class=\"elementor-heading-title elementor-size-default\">Justificaci\u00f3n de Permisos para asistencia a Cursos o Actividades Formativas<\/h2>\t\t<\/div>\n\t\t\t\t<\/div>\n\t\t\t\t\t\t<\/div>\n\t\t\t\t\t<\/div>\n\t\t<\/div>\n\t\t\t\t\t\t\t\t<\/div>\n\t\t\t\t\t<\/div>\n\t\t<\/section>\n\t\t\t\t<section class=\"elementor-section elementor-top-section elementor-element elementor-element-f8717ec elementor-section-boxed elementor-section-height-default elementor-section-height-default\" data-id=\"f8717ec\" data-element_type=\"section\" data-settings=\"{&quot;background_background&quot;:&quot;classic&quot;}\">\n\t\t\t\t\t\t<div class=\"elementor-container elementor-column-gap-no\">\n\t\t\t\t\t\t\t<div class=\"elementor-row\">\n\t\t\t\t\t<div class=\"elementor-column elementor-col-100 elementor-top-column elementor-element elementor-element-ff94afa\" data-id=\"ff94afa\" data-element_type=\"column\">\n\t\t\t<div class=\"elementor-column-wrap elementor-element-populated\">\n\t\t\t\t\t\t\t<div class=\"elementor-widget-wrap\">\n\t\t\t\t\t\t<div class=\"elementor-element elementor-element-88d3ed1 elementor-widget elementor-widget-shortcode\" data-id=\"88d3ed1\" data-element_type=\"widget\" data-widget_type=\"shortcode.default\">\n\t\t\t\t<div class=\"elementor-widget-container\">\n\t\t\t\t\t<div class=\"elementor-shortcode\"><div role=\"form\" class=\"wpcf7\" id=\"wpcf7-f4213-o1\" lang=\"gl-ES\" dir=\"ltr\">\n<div class=\"screen-reader-response\"><p role=\"status\" aria-live=\"polite\" aria-atomic=\"true\"><\/p> <ul><\/ul><\/div>\n<form action=\"\/web\/index.php?rest_route=%2Fwp%2Fv2%2Fpages%2F3981#wpcf7-f4213-o1\" method=\"post\" class=\"wpcf7-form init demo\" novalidate=\"novalidate\" data-status=\"init\">\n<div style=\"display: none;\">\n<input type=\"hidden\" name=\"_wpcf7\" value=\"4213\" \/>\n<input type=\"hidden\" name=\"_wpcf7_version\" value=\"5.6.4\" \/>\n<input type=\"hidden\" name=\"_wpcf7_locale\" value=\"gl_ES\" \/>\n<input type=\"hidden\" name=\"_wpcf7_unit_tag\" value=\"wpcf7-f4213-o1\" \/>\n<input type=\"hidden\" name=\"_wpcf7_container_post\" value=\"0\" \/>\n<input type=\"hidden\" name=\"_wpcf7_posted_data_hash\" value=\"\" \/>\n<\/div>\n<div class=\"col-md-12 adjust_top format_div\" id=\"contenedor\">\n<h2 style=\"color: rgb(113, 113, 241); text-align:center\" class=\"solo_impreso\">ANEXO I: INFORME A\u00d1ADIDO DE SOLICITUD D\u00cdAS DE FORMACI\u00d3N RESIDENTES DE MEDICINA FAMILIAR Y COMUNITARIA<\/h2>\n<table style=\"width: 100%; border-collapse:collapse; border-spacing:0; margin-left: auto; margin-right: auto;\" class=\"full_width_impreso\">\n<tbody>\n<tr>\n<th style=\"border: solid 1px black; background-color: rgb(231, 231, 231);\" colspan=\"2\">DATOS DE FILIACI\u00d3N<\/th>\n<\/tr>\n<tr>\n<td style=\"border: solid 1px black; width: 33%;\">Nombre y Apellidos<\/td>\n<td style=\"border: solid 1px black; width: 66%; padding-left: 15px;\"><span class=\"wpcf7-form-control-wrap\" data-name=\"nombre_ape\"><input type=\"text\" name=\"nombre_ape\" value=\"\" size=\"40\" class=\"wpcf7-form-control wpcf7-text wpcf7-validates-as-required sin_borde\" id=\"nombre_ape\" aria-required=\"true\" aria-invalid=\"false\" \/><\/span><\/td>\n<\/tr>\n<tr>\n<td style=\"border: solid 1px black; width: 33%;\">Centro de Salud \/ Servicio<\/td>\n<td style=\"border: solid 1px black; width: 66%; padding-left: 15px;\"><span class=\"wpcf7-form-control-wrap\" data-name=\"centro_salud\"><input type=\"text\" name=\"centro_salud\" value=\"\" size=\"40\" class=\"wpcf7-form-control wpcf7-text wpcf7-validates-as-required sin_borde\" id=\"centro_salud\" aria-required=\"true\" aria-invalid=\"false\" \/><\/span><\/td>\n<\/tr>\n<\/tbody>\n<\/table>\n<table style=\"width: 100%; border-collapse:collapse; border-spacing:0; margin-left: auto; margin-right: auto; margin-bottom: 20px;\" class=\"full_width_impreso\">\n<tbody>\n<tr>\n<th style=\"border: solid 1px black; background-color: rgb(231, 231, 231);\" colspan=\"2\">ACTIVIDAD DOCENTE: CURSOS Y CONGRESOS (no programada por U. Docente)<\/th>\n<\/tr>\n<tr>\n<td style=\"border: solid 1px black; width: 33%;\">Nombre de la actividad<\/td>\n<td style=\"border: solid 1px black; width: 66%; padding-left: 15px;\"><span class=\"wpcf7-form-control-wrap\" data-name=\"nombre_actividad\"><input type=\"text\" name=\"nombre_actividad\" value=\"\" size=\"40\" class=\"wpcf7-form-control wpcf7-text wpcf7-validates-as-required sin_borde\" id=\"nombre_actividad\" aria-required=\"true\" aria-invalid=\"false\" \/><\/span><\/td>\n<\/tr>\n<tr>\n<td style=\"border: solid 1px black; width: 33%;\">Fecha de la actividad<\/td>\n<td style=\"border: solid 1px black; width: 66%; padding-left: 15px;\"><span class=\"wpcf7-form-control-wrap\" data-name=\"fecha_actividad\"><input type=\"date\" name=\"fecha_actividad\" value=\"\" class=\"wpcf7-form-control wpcf7-date wpcf7-validates-as-required wpcf7-validates-as-date sin_borde\" id=\"fecha_actividad\" aria-required=\"true\" aria-invalid=\"false\" \/><\/span><\/td>\n<\/tr>\n<tr>\n<td style=\"border: solid 1px black; width: 33%;\">Horario<\/td>\n<td style=\"border: solid 1px black; width: 66%; padding-left: 15px;\"><span class=\"wpcf7-form-control-wrap\" data-name=\"horario_actividad\"><input type=\"text\" name=\"horario_actividad\" value=\"\" size=\"40\" class=\"wpcf7-form-control wpcf7-text wpcf7-validates-as-required sin_borde\" id=\"horario_actividad\" aria-required=\"true\" aria-invalid=\"false\" \/><\/span><\/td>\n<\/tr>\n<tr>\n<td style=\"border: solid 1px black; width: 33%;\">Lugar de la actividad<\/td>\n<td style=\"border: solid 1px black; width: 66%; padding-left: 15px;\"><span class=\"wpcf7-form-control-wrap\" data-name=\"lugar_actividad\"><input type=\"text\" name=\"lugar_actividad\" value=\"\" size=\"40\" class=\"wpcf7-form-control wpcf7-text wpcf7-validates-as-required sin_borde\" id=\"lugar_actividad\" aria-required=\"true\" aria-invalid=\"false\" \/><\/span><\/td>\n<\/tr>\n<tr>\n<td style=\"border: solid 1px black; width: 33%;\">Motivos que justifican su realizaci\u00f3n<\/td>\n<td style=\"border: solid 1px black; width: 66%; padding-left: 15px;\"><span class=\"wpcf7-form-control-wrap\" data-name=\"motivo_actividad\"><input type=\"text\" name=\"motivo_actividad\" value=\"\" size=\"40\" class=\"wpcf7-form-control wpcf7-text wpcf7-validates-as-required sin_borde\" id=\"motivo_actividad\" aria-required=\"true\" aria-invalid=\"false\" \/><\/span><\/td>\n<\/tr>\n<\/tbody>\n<\/table>\n<div style=\"width: 100%; margin-left: auto; margin-right: auto;\" class=\"hide_impreso\">\n        <input type=\"submit\" value=\"Imprimir y Enviar\" class=\"wpcf7-form-control has-spinner wpcf7-submit\" id=\"confirm_form\" \/>\n    <\/div>\n<div class=\"solo_impreso\">\n<table style=\"width: 100%; border-collapse:collapse; border-spacing:0; margin-left: auto; margin-right: auto;\">\n<tbody>\n<tr>\n<td style=\"border: solid 1px black; height: 130px; width: 33%;\"><\/td>\n<td style=\"border: solid 1px black; height: 130px; width: 33%;\"><\/td>\n<td style=\"border: solid 1px black; height: 130px; width: 33%;\"><\/td>\n<\/tr>\n<tr>\n<td style=\"border: solid 1px black; width: 33%;\">Fdo.<\/td>\n<td style=\"border: solid 1px black; width: 33%;\">Fdo.<\/td>\n<td style=\"border: solid 1px black; width: 33%;\">Fdo.<\/td>\n<\/tr>\n<tr>\n<td style=\"border: solid 1px black; width: 33%; text-align: center;\">V\u00ba B\u00ba El coordinador de la U.D.<\/td>\n<td style=\"border: solid 1px black; width: 33%; text-align: center;\">El tutor del residente<\/td>\n<td style=\"border: solid 1px black; width: 33%; text-align: center;\">El Residente de MF y C<\/td>\n<\/tr>\n<\/tbody>\n<\/table>\n<\/div>\n<\/div>\n<div class=\"wpcf7-response-output\" aria-hidden=\"true\"><\/div><\/form><\/div><\/div>\n\t\t\t\t<\/div>\n\t\t\t\t<\/div>\n\t\t\t\t\t\t<\/div>\n\t\t\t\t\t<\/div>\n\t\t<\/div>\n\t\t\t\t\t\t\t\t<\/div>\n\t\t\t\t\t<\/div>\n\t\t<\/section>\n\t\t\t\t\t\t\t\t\t<\/div>\n\t\t\t<\/div>\n\t\t\t\t\t<\/div>\n\t\t","protected":false},"excerpt":{"rendered":"<p>Justificaci\u00f3n de Permisos para asistencia a Cursos o Actividades Formativas<\/p>\n","protected":false},"author":1,"featured_media":0,"parent":0,"menu_order":0,"comment_status":"closed","ping_status":"closed","template":"","meta":{"footnotes":""},"class_list":["post-3981","page","type-page","status-publish","hentry"],"_links":{"self":[{"href":"https:\/\/www.afecvigo.es\/web\/index.php?rest_route=\/wp\/v2\/pages\/3981","targetHints":{"allow":["GET"]}}],"collection":[{"href":"https:\/\/www.afecvigo.es\/web\/index.php?rest_route=\/wp\/v2\/pages"}],"about":[{"href":"https:\/\/www.afecvigo.es\/web\/index.php?rest_route=\/wp\/v2\/types\/page"}],"author":[{"embeddable":true,"href":"https:\/\/www.afecvigo.es\/web\/index.php?rest_route=\/wp\/v2\/users\/1"}],"replies":[{"embeddable":true,"href":"https:\/\/www.afecvigo.es\/web\/index.php?rest_route=%2Fwp%2Fv2%2Fcomments&post=3981"}],"version-history":[{"count":10,"href":"https:\/\/www.afecvigo.es\/web\/index.php?rest_route=\/wp\/v2\/pages\/3981\/revisions"}],"predecessor-version":[{"id":5401,"href":"https:\/\/www.afecvigo.es\/web\/index.php?rest_route=\/wp\/v2\/pages\/3981\/revisions\/5401"}],"wp:attachment":[{"href":"https:\/\/www.afecvigo.es\/web\/index.php?rest_route=%2Fwp%2Fv2%2Fmedia&parent=3981"}],"curies":[{"name":"wp","href":"https:\/\/api.w.org\/{rel}","templated":true}]}}