{"id":3416,"date":"2022-02-17T12:49:42","date_gmt":"2022-02-17T12:49:42","guid":{"rendered":"https:\/\/www.afecvigo.es\/web\/?page_id=3416"},"modified":"2025-04-16T12:16:58","modified_gmt":"2025-04-16T12:16:58","slug":"linea-curricular-investigacion-eir-2","status":"publish","type":"page","link":"https:\/\/www.afecvigo.es\/web\/?page_id=3416&lang=es","title":{"rendered":"L\u00ednea curricular investigaci\u00f3n EIR"},"content":{"rendered":"\t\t<div data-elementor-type=\"wp-page\" data-elementor-id=\"3416\" class=\"elementor elementor-3416\">\n\t\t\t\t\t\t<div class=\"elementor-inner\">\n\t\t\t\t<div class=\"elementor-section-wrap\">\n\t\t\t\t\t\t\t\t\t<section class=\"elementor-section elementor-top-section elementor-element elementor-element-487984c8 elementor-section-boxed elementor-section-height-default elementor-section-height-default\" data-id=\"487984c8\" data-element_type=\"section\">\n\t\t\t\t\t\t<div class=\"elementor-container elementor-column-gap-default\">\n\t\t\t\t\t\t\t<div class=\"elementor-row\">\n\t\t\t\t\t<div class=\"elementor-column elementor-col-100 elementor-top-column elementor-element elementor-element-2f40ab97\" data-id=\"2f40ab97\" data-element_type=\"column\">\n\t\t\t<div class=\"elementor-column-wrap elementor-element-populated\">\n\t\t\t\t\t\t\t<div class=\"elementor-widget-wrap\">\n\t\t\t\t\t\t<div class=\"elementor-element elementor-element-2b662bdb elementor-widget elementor-widget-text-editor\" data-id=\"2b662bdb\" data-element_type=\"widget\" data-widget_type=\"text-editor.default\">\n\t\t\t\t<div class=\"elementor-widget-container\">\n\t\t\t\t\t\t\t\t<div class=\"elementor-text-editor elementor-clearfix\">\n\t\t\t\t<!-- wp:heading -->\n<h2><strong>R1<\/strong><\/h2>\n<!-- \/wp:heading -->\n\n<!-- wp:paragraph -->\n<p><strong>Primer semestre:<\/strong><\/p>\n<!-- \/wp:paragraph -->\n\n<!-- wp:list -->\n<ul><li>Curso B\u00fasqueda Bibliogr\u00e1fica de la literatura cient\u00edfica. Online<\/li><li>Trabajo de campo: Realizaci\u00f3n de una b\u00fasqueda mediante pregunta PICO. Presentaci\u00f3n en sesi\u00f3n presencial.<\/li><\/ul>\n<!-- \/wp:list -->\n\n<!-- wp:paragraph -->\n<p><strong>Segundo semestre:<\/strong><\/p>\n<!-- \/wp:paragraph -->\n\n<!-- wp:list -->\n<ul><li>Curso de Lectura Cr\u00edtica, online.<\/li><li>Formaci\u00f3n te\u00f3rica en \u201cMetodolox\u00eda da Investigaci\u00f3n\u201d, curso de la EGPRN online (OPCIONAL)<\/li><li>Formaci\u00f3n te\u00f3rico-pr\u00e1ctica en estad\u00edstica.<\/li><li>Trabajo de campo:<\/li><li>Realizaci\u00f3n de lectura cr\u00edtica de un art\u00edculo y cumplimentar la ficha de la Web FLC 2.0. Presentaci\u00f3n en sesi\u00f3n presencial.<\/li><li>Elecci\u00f3n de tema para proyecto de investigaci\u00f3n obligatorio durante a residencia (B\u00fasqueda bibliogr\u00e1fica, lectura cr\u00edtica, dise\u00f1o del trabajo.<\/li><\/ul>\n<!-- \/wp:list -->\n\n<!-- wp:heading -->\n<h2><strong>R2<\/strong><\/h2>\n<!-- \/wp:heading -->\n\n<!-- wp:paragraph -->\n<p><strong>Primer semestre:<\/strong><\/p>\n<!-- \/wp:paragraph -->\n\n<!-- wp:list -->\n<ul><li>Formaci\u00f3n te\u00f3rico-pr\u00e1ctica sobre gesti\u00f3n de la calidad. Ejercicios pr\u00e1cticos con herramientas de planificaci\u00f3n y elaboraci\u00f3n de criterios e indicadores para una auditor\u00eda.<\/li><li>Trabajo de campo:<\/li><li>Elaboraci\u00f3n del protocolo (proyecto comunitario), valoraci\u00f3n de viabilidad, solicitud de permisos, cronograma y distribuci\u00f3n del trabajo en el equipo de investigaci\u00f3n. Presentaci\u00f3n del protocolo, en sesi\u00f3n conjunta de toda la promoci\u00f3n, en la Unidad Docente, para evaluar posibles \u00e1reas de mejora, fase de implementaci\u00f3n, dificultades surgidas, propuesta y ayudas generales. Solicitud de autorizaci\u00f3n CEIC.<\/li><li>Realizaci\u00f3n de la intervenci\u00f3n y recogida de datos,<\/li><\/ul>\n<!-- \/wp:list -->\n\n<!-- wp:paragraph -->\n<p><strong>Segundo semestre:<\/strong><\/p>\n<!-- \/wp:paragraph -->\n\n<!-- wp:list -->\n<ul><li>Trabajo de campo: tabular, depurar, an\u00e1lisis de los datos, elaboraci\u00f3n de conclusiones, presentaci\u00f3n de resultados a toda la Unidad Docente y a los profesionales de Atenci\u00f3n Primaria y participaci\u00f3n en el <strong>\u201cPREMIO DE INVESTIGACI\u00d3N PARA RESIDENTES DE ATENCI\u00d3N FAMILIAR Y COMUNITARIA DEL \u00c1REA SANITARIA DE VIGO\u201d<\/strong>. Esta presentaci\u00f3n ser\u00e1 evaluada por un tribunal sin conflicto de inter\u00e9s, perteneciente a la Unidad Docente o externo a la misma y cuya calificaci\u00f3n formar\u00e1 parte de la evaluaci\u00f3n sumativa anual de los residentes y otorgar\u00e1 el citado PREMIO.<\/li><\/ul>\n<!-- \/wp:list -->\t\t\t\t\t<\/div>\n\t\t\t\t\t\t<\/div>\n\t\t\t\t<\/div>\n\t\t\t\t\t\t<\/div>\n\t\t\t\t\t<\/div>\n\t\t<\/div>\n\t\t\t\t\t\t\t\t<\/div>\n\t\t\t\t\t<\/div>\n\t\t<\/section>\n\t\t\t\t\t\t\t\t\t<\/div>\n\t\t\t<\/div>\n\t\t\t\t\t<\/div>\n\t\t","protected":false},"excerpt":{"rendered":"<p>R1 Primer semestre: Curso B\u00fasqueda Bibliogr\u00e1fica de la literatura cient\u00edfica. Online Trabajo de campo: Realizaci\u00f3n de una b\u00fasqueda mediante pregunta PICO. Presentaci\u00f3n en sesi\u00f3n presencial. Segundo semestre: Curso de Lectura Cr\u00edtica, online. Formaci\u00f3n te\u00f3rica en \u201cMetodolox\u00eda da Investigaci\u00f3n\u201d, curso de la EGPRN online (OPCIONAL) Formaci\u00f3n te\u00f3rico-pr\u00e1ctica en estad\u00edstica. Trabajo de campo: Realizaci\u00f3n de lectura cr\u00edtica &hellip;<\/p>\n<p class=\"read-more\"> <a class=\"\" href=\"https:\/\/www.afecvigo.es\/web\/?page_id=3416&#038;lang=es\"> <span class=\"screen-reader-text\">L\u00ednea curricular investigaci\u00f3n EIR<\/span> Read More &raquo;<\/a><\/p>\n","protected":false},"author":1,"featured_media":1845,"parent":0,"menu_order":0,"comment_status":"closed","ping_status":"closed","template":"elementor_header_footer","meta":{"footnotes":""},"class_list":["post-3416","page","type-page","status-publish","has-post-thumbnail","hentry"],"_links":{"self":[{"href":"https:\/\/www.afecvigo.es\/web\/index.php?rest_route=\/wp\/v2\/pages\/3416","targetHints":{"allow":["GET"]}}],"collection":[{"href":"https:\/\/www.afecvigo.es\/web\/index.php?rest_route=\/wp\/v2\/pages"}],"about":[{"href":"https:\/\/www.afecvigo.es\/web\/index.php?rest_route=\/wp\/v2\/types\/page"}],"author":[{"embeddable":true,"href":"https:\/\/www.afecvigo.es\/web\/index.php?rest_route=\/wp\/v2\/users\/1"}],"replies":[{"embeddable":true,"href":"https:\/\/www.afecvigo.es\/web\/index.php?rest_route=%2Fwp%2Fv2%2Fcomments&post=3416"}],"version-history":[{"count":5,"href":"https:\/\/www.afecvigo.es\/web\/index.php?rest_route=\/wp\/v2\/pages\/3416\/revisions"}],"predecessor-version":[{"id":7544,"href":"https:\/\/www.afecvigo.es\/web\/index.php?rest_route=\/wp\/v2\/pages\/3416\/revisions\/7544"}],"wp:featuredmedia":[{"embeddable":true,"href":"https:\/\/www.afecvigo.es\/web\/index.php?rest_route=\/wp\/v2\/media\/1845"}],"wp:attachment":[{"href":"https:\/\/www.afecvigo.es\/web\/index.php?rest_route=%2Fwp%2Fv2%2Fmedia&parent=3416"}],"curies":[{"name":"wp","href":"https:\/\/api.w.org\/{rel}","templated":true}]}}