{"id":3407,"date":"2022-02-17T12:48:45","date_gmt":"2022-02-17T12:48:45","guid":{"rendered":"https:\/\/www.afecvigo.es\/web\/?page_id=3407"},"modified":"2025-05-28T06:39:34","modified_gmt":"2025-05-28T06:39:34","slug":"incorporacion-2","status":"publish","type":"page","link":"https:\/\/www.afecvigo.es\/web\/?page_id=3407&lang=es","title":{"rendered":"Incorporaci\u00f3n"},"content":{"rendered":"\t\t<div data-elementor-type=\"wp-page\" data-elementor-id=\"3407\" class=\"elementor elementor-3407\">\n\t\t\t\t\t\t<div class=\"elementor-inner\">\n\t\t\t\t<div class=\"elementor-section-wrap\">\n\t\t\t\t\t\t\t\t\t<section class=\"elementor-section elementor-top-section elementor-element elementor-element-61593db elementor-section-boxed elementor-section-height-default elementor-section-height-default\" data-id=\"61593db\" data-element_type=\"section\">\n\t\t\t\t\t\t<div class=\"elementor-container elementor-column-gap-default\">\n\t\t\t\t\t\t\t<div class=\"elementor-row\">\n\t\t\t\t\t<div class=\"elementor-column elementor-col-100 elementor-top-column elementor-element elementor-element-4c2b60b\" data-id=\"4c2b60b\" data-element_type=\"column\">\n\t\t\t<div class=\"elementor-column-wrap elementor-element-populated\">\n\t\t\t\t\t\t\t<div class=\"elementor-widget-wrap\">\n\t\t\t\t\t\t<div class=\"elementor-element elementor-element-18a5696 elementor-widget elementor-widget-heading\" data-id=\"18a5696\" data-element_type=\"widget\" data-widget_type=\"heading.default\">\n\t\t\t\t<div class=\"elementor-widget-container\">\n\t\t\t<h2 class=\"elementor-heading-title elementor-size-default\">Incorporaci\u00f3n<\/h2>\t\t<\/div>\n\t\t\t\t<\/div>\n\t\t\t\t\t\t<\/div>\n\t\t\t\t\t<\/div>\n\t\t<\/div>\n\t\t\t\t\t\t\t\t<\/div>\n\t\t\t\t\t<\/div>\n\t\t<\/section>\n\t\t\t\t<section class=\"elementor-section elementor-top-section elementor-element elementor-element-a81088f elementor-section-boxed elementor-section-height-default elementor-section-height-default\" data-id=\"a81088f\" data-element_type=\"section\">\n\t\t\t\t\t\t<div class=\"elementor-container elementor-column-gap-default\">\n\t\t\t\t\t\t\t<div class=\"elementor-row\">\n\t\t\t\t\t<div class=\"elementor-column elementor-col-100 elementor-top-column elementor-element elementor-element-63f18aca\" data-id=\"63f18aca\" data-element_type=\"column\">\n\t\t\t<div class=\"elementor-column-wrap elementor-element-populated\">\n\t\t\t\t\t\t\t<div class=\"elementor-widget-wrap\">\n\t\t\t\t\t\t<div class=\"elementor-element elementor-element-187ee8a9 elementor-widget elementor-widget-text-editor\" data-id=\"187ee8a9\" data-element_type=\"widget\" data-widget_type=\"text-editor.default\">\n\t\t\t\t<div class=\"elementor-widget-container\">\n\t\t\t\t\t\t\t\t<div class=\"elementor-text-editor elementor-clearfix\">\n\t\t\t\t<p>Unha vez que tomades posesi\u00f3n da praza de residente, dentro do prazo establecido na adxudicaci\u00f3n, deberedes presentarvos na secretar\u00eda da Unidade de Docencia Multiprofesional para iniciar o voso expediente e al\u00ed recibiredes o calendario e as indicaci\u00f3ns precisas que vos facilitar\u00e1n a vosa incorporaci\u00f3n. Para a apertura do expediente formativo deberedes entregar unha fotograf\u00eda tama\u00f1o carn\u00e9 e cubrir unha ficha cos datos persoais.<\/p>\n<p><!-- \/wp:paragraph --><!-- wp:paragraph --><\/p>\n<p>Previo a sinatura do contrato, deberedes achegar <strong>\u00e1 oficina de Recursos Humanos Punto de Atenci\u00f3n \u00f3 Traballador (PAT) <\/strong>a seguinte documentaci\u00f3n:<br \/><img decoding=\"async\" class=\"emoji\" role=\"img\" draggable=\"false\" src=\"https:\/\/s.w.org\/images\/core\/emoji\/15.0.3\/svg\/2714.svg\" alt=\"\u2714\" \/> Copia compulsada do t\u00edtulo.<br \/><img decoding=\"async\" class=\"emoji\" role=\"img\" draggable=\"false\" src=\"https:\/\/s.w.org\/images\/core\/emoji\/15.0.3\/svg\/2714.svg\" alt=\"\u2714\" \/> Fotocopia DNI.<br \/><img decoding=\"async\" class=\"emoji\" role=\"img\" draggable=\"false\" src=\"https:\/\/s.w.org\/images\/core\/emoji\/15.0.3\/svg\/2714.svg\" alt=\"\u2714\" \/> Fotocopia Seguridade Social.<br \/><img decoding=\"async\" class=\"emoji\" role=\"img\" draggable=\"false\" src=\"https:\/\/s.w.org\/images\/core\/emoji\/15.0.3\/svg\/2714.svg\" alt=\"\u2714\" \/> 1 Fotograf\u00eda.<br \/><img decoding=\"async\" class=\"emoji\" role=\"img\" draggable=\"false\" src=\"https:\/\/s.w.org\/images\/core\/emoji\/15.0.3\/svg\/2714.svg\" alt=\"\u2714\" \/> N\u00famero de conta bancaria.<br \/><img decoding=\"async\" class=\"emoji\" role=\"img\" draggable=\"false\" src=\"https:\/\/s.w.org\/images\/core\/emoji\/15.0.3\/svg\/2714.svg\" alt=\"\u2714\" \/> De selo caso, n\u00famero de colexiado (xustificante): solicitarase no Colexio M\u00e9dico. R\u00faa Ecuador 84 baixo. Vigo. Tel\u00e9fono: 986271400 \/ 986276566.<br \/><img decoding=\"async\" class=\"emoji\" role=\"img\" draggable=\"false\" src=\"https:\/\/s.w.org\/images\/core\/emoji\/15.0.3\/svg\/2714.svg\" alt=\"\u2714\" \/> Resgardo orixinal de adxudicaci\u00f3n da praza asinada.<br \/><img decoding=\"async\" class=\"emoji\" role=\"img\" draggable=\"false\" src=\"https:\/\/s.w.org\/images\/core\/emoji\/15.0.3\/svg\/2714.svg\" alt=\"\u2714\" \/> Certificaci\u00f3n negativa do Rexistro de Delincuencia sexual contra menores. <br \/><img decoding=\"async\" class=\"emoji\" role=\"img\" draggable=\"false\" src=\"https:\/\/s.w.org\/images\/core\/emoji\/15.0.3\/svg\/2714.svg\" alt=\"\u2714\" \/> No caso de ser de fora de Galicia, certificado de empadroamento.<\/p>\n<p><!-- \/wp:paragraph --><!-- wp:paragraph --><\/p>\n<p>Unha vez realizado o tr\u00e1mite de incorporaci\u00f3n, dende a Unidade Docente faranse as xesti\u00f3ns oportunas co Servizo de Inform\u00e1tica para que vos faciliten os permisos de usuario\/a do sistema, que incl\u00fae o uso do correo electr\u00f3nico do Servizo Galego de Sa\u00fade e o acceso as aplicaci\u00f3ns corporativas na Intranet que correspondan \u00e1 vosa especialidade, como \u00e9 o caso do Ianus.<\/p>\n<p><!-- \/wp:paragraph --><!-- wp:shortcode --><\/p>\n<p><div class=\"su-accordion su-u-trim\"><\/p>\n<p><!-- \/wp:shortcode --><!-- wp:shortcode --><\/p>\n<p><div class=\"su-spoiler su-spoiler-style-default su-spoiler-icon-plus comision su-spoiler-closed\" data-scroll-offset=\"0\" data-anchor-in-url=\"no\"><div class=\"su-spoiler-title\" tabindex=\"0\" role=\"button\"><span class=\"su-spoiler-icon\"><\/span>Elecci\u00f3n Centros de Sa\u00fade<\/div><div class=\"su-spoiler-content su-u-clearfix su-u-trim\"><\/p>\n<p><!-- \/wp:shortcode --><!-- wp:paragraph --><\/p>\n<p>A elecci\u00f3n de centros faise conforme ao seguinte criterio: por orde de puntuaci\u00f3n no exame EIR e MIR, respectivamente.<\/p>\n<p><!-- \/wp:paragraph --><!-- wp:paragraph --><\/p>\n<p>El\u00edxese Centro de Sa\u00fade e Punto de Atenci\u00f3n Continuada (PAC), de entre os que est\u00e1n acreditados para a Formaci\u00f3n Sanitaria Especializada (FSE) e en consecuencia, constit\u00faen a estrutura da Unidade Docente Multiprofesional de Atenci\u00f3n Familiar e Comunitaria de Vigo.<\/p>\n<p><!-- \/wp:paragraph --><!-- wp:paragraph --><\/p>\n<p>O acto de elecci\u00f3n real\u00edzase o \u00faltimo d\u00eda do prazo para a incorporaci\u00f3n, establecido no BOE para cada convocatoria, \u00e1s 13:00 horas. O d\u00eda previo real\u00edzase unha reuni\u00f3n nas dependencias da unidade docente (UD) para informar sobre as caracter\u00edsticas dos centros, presentada por residentes da UD.<\/p>\n<p><!-- \/wp:paragraph --><!-- wp:shortcode --><\/p>\n<p><\/div><\/div><\/p>\n<p><!-- \/wp:shortcode --><!-- wp:shortcode --><\/p>\n<p><div class=\"su-spoiler su-spoiler-style-default su-spoiler-icon-plus comision su-spoiler-closed\" data-scroll-offset=\"0\" data-anchor-in-url=\"no\"><div class=\"su-spoiler-title\" tabindex=\"0\" role=\"button\"><span class=\"su-spoiler-icon\"><\/span>O contrato do residente<\/div><div class=\"su-spoiler-content su-u-clearfix su-u-trim\"><\/p>\n<p><!-- \/wp:shortcode --><!-- wp:paragraph --><\/p>\n<p>Como adxudicatario dunha praza EIR\/ MIR na Unidade Docente Multiprofesional de Vigo, subscribir\u00e1s de mutuo acordo coa \u00c1rea Sanitaria de Vigo, un contrato de traballo para a formaci\u00f3n de enfermeiro\/m\u00e9dico especialista.<\/p>\n<p><!-- \/wp:paragraph --><!-- wp:paragraph --><\/p>\n<p>A relaci\u00f3n laboral especial de residencia para a formaci\u00f3n de especialistas en Ciencias da Sa\u00fade, reg\u00falase a trav\u00e9s do Real Decreto 1146\/2006.<\/p>\n<p><!-- \/wp:paragraph --><!-- wp:paragraph --><\/p>\n<p>Trala firma do contrato, pasas a ser Enfermeira Interna Residente (EIR)\/M\u00e9dico Interno Residente (MIR), traballador estatutario temporal, dependente da EOXI de Vigo.<\/p>\n<p><!-- \/wp:paragraph --><!-- wp:paragraph --><\/p>\n<p>O contrato de EIR\/MIR establece unha dobre vinculaci\u00f3n:<\/p>\n<p><!-- \/wp:paragraph --><!-- wp:list --><\/p>\n<ul>\n<li>Obriga ao residente a prestar un traballo e recibir unha formaci\u00f3n pr\u00e1ctica, e<\/li>\n<li>Obriga \u00e1 \u00c1rea Sanitaria a retribu\u00edr devandito traballo e a facilitar a trav\u00e9s da UD a formaci\u00f3n pr\u00e1ctica profesional para a obtenci\u00f3n do t\u00edtulo de especialista, de acordo co programa correspondente.<\/li>\n<\/ul>\n<p><!-- \/wp:list --><!-- wp:paragraph --><\/p>\n<p>A duraci\u00f3n do contrato \u00e9 dun ano, renovable por un ano si ao final do mesmo fuches avaliado positivamente.<\/p>\n<p><!-- \/wp:paragraph --><!-- wp:paragraph --><\/p>\n<p>A prestaci\u00f3n de servizos como EIR\/MIR \u00e9 incompatible co desempe\u00f1o de calquera outra actividade contractual, sexa p\u00fablica ou privada, retribu\u00edda ou non. (Lei 44\/2003 de ordenaci\u00f3n das profesionais sanitarias). En caso de incumprir esta norma, estar\u00e1s incorrendo en falta moi grave, e pode comportar rescisi\u00f3n do contrato como residente. A partir deste momento todos os tr\u00e1mites burocr\u00e1ticos que precises remitiralos sempre \u00e1 Unidade Docente de AFeC, para o visto bo do Xefe de Estudo e dende aqu\u00ed cursaranse a onde corresponda (Ex. Dpto. Persoal, N\u00f3minas\u2026).<\/p>\n<p><!-- \/wp:paragraph --><!-- wp:shortcode --><\/p>\n<p><\/div><\/div><\/p>\n<p><!-- \/wp:shortcode --><!-- wp:shortcode --><\/p>\n<p><div class=\"su-spoiler su-spoiler-style-default su-spoiler-icon-plus comision su-spoiler-closed\" data-scroll-offset=\"0\" data-anchor-in-url=\"no\"><div class=\"su-spoiler-title\" tabindex=\"0\" role=\"button\"><span class=\"su-spoiler-icon\"><\/span>Identificaci\u00f3n<\/div><div class=\"su-spoiler-content su-u-clearfix su-u-trim\"><\/p>\n<p><!-- \/wp:shortcode --><!-- wp:paragraph --><\/p>\n<p>Todo o persoal debe estar correctamente identificado.<\/p>\n<p><!-- \/wp:paragraph --><!-- wp:paragraph --><\/p>\n<p>A direcci\u00f3n do Centro Sanitario facilitaralles un cart\u00f3n identificador que se colocar\u00e1 en lugar visible contendo o nome, fotograf\u00eda e referencia ao tipo de profesional de que se trate. As tarxetas ser\u00e1n facilitadas no momento da s\u00faa incorporaci\u00f3n mediante solicitude nos Puntos de Acreditaci\u00f3n Electr\u00f3nica (PAE) dos correspondentes centros.<\/p>\n<p><!-- \/wp:paragraph --><!-- wp:shortcode --><\/p>\n<p><\/div><\/div><\/p>\n<p><!-- \/wp:shortcode --><!-- wp:shortcode --><\/p>\n<p><div class=\"su-spoiler su-spoiler-style-default su-spoiler-icon-plus comision su-spoiler-closed\" data-scroll-offset=\"0\" data-anchor-in-url=\"no\"><div class=\"su-spoiler-title\" tabindex=\"0\" role=\"button\"><span class=\"su-spoiler-icon\"><\/span>Uniformidade<\/div><div class=\"su-spoiler-content su-u-clearfix su-u-trim\"><\/p>\n<p><!-- \/wp:shortcode --><!-- wp:paragraph --><\/p>\n<p>Por motivos de seguridade e hixiene todos\/as os\/as profesionais deber\u00e1n ir debidamente uniformados no seu posto de traballo.<\/p>\n<p><!-- \/wp:paragraph --><!-- wp:paragraph --><\/p>\n<p>O cumprimento desta normativa \u00e9 responsabilidade individual de cada traballador\/a, pero tam\u00e9n o \u00e9 dos xefes de servizo, xefes de secci\u00f3n, supervisores\/as, coordinadores\/as e encargados\/as, as\u00ed como do equipo directivo e dos xefes\/as de garda e supervisores\/as xerais.<\/p>\n<p><!-- \/wp:paragraph --><!-- wp:paragraph --><\/p>\n<p>Calquera traballador\/a que incumpra esta normativa poder\u00e1 e deber\u00e1 ser requirido\/a para que a cumpra.<\/p>\n<p><!-- \/wp:paragraph --><!-- wp:shortcode --><\/p>\n<p><\/div><\/div><\/p>\n<p><!-- \/wp:shortcode --><!-- wp:shortcode --><\/p>\n<p><div class=\"su-spoiler su-spoiler-style-default su-spoiler-icon-plus comision su-spoiler-closed\" data-scroll-offset=\"0\" data-anchor-in-url=\"no\"><div class=\"su-spoiler-title\" tabindex=\"0\" role=\"button\"><span class=\"su-spoiler-icon\"><\/span>Comunicaci\u00f3n interna<\/div><div class=\"su-spoiler-content su-u-clearfix su-u-trim\"><\/p>\n<p><!-- \/wp:shortcode --><!-- wp:paragraph --><\/p>\n<p>O correo corporativo \u00e9 o medio habitual de comunicaci\u00f3n entre a direcci\u00f3n e o persoal.<\/p>\n<p><!-- \/wp:paragraph --><!-- wp:paragraph --><\/p>\n<p>Diariamente se difunde a todos\/as os\/as profesionais da \u00c1rea Sanitaria un bolet\u00edn informativo coas noticias m\u00e1is destacas, convocatorias, sesi\u00f3ns etc.<\/p>\n<p><!-- \/wp:paragraph --><!-- wp:shortcode --><\/p>\n<p><\/div><\/div><\/p>\n<p><!-- \/wp:shortcode --><!-- wp:shortcode --><\/p>\n<p><\/div><\/p>\n<p><!-- \/wp:shortcode --><\/p>\t\t\t\t\t<\/div>\n\t\t\t\t\t\t<\/div>\n\t\t\t\t<\/div>\n\t\t\t\t<div class=\"elementor-element elementor-element-0defeae elementor-widget elementor-widget-text-editor\" data-id=\"0defeae\" data-element_type=\"widget\" data-widget_type=\"text-editor.default\">\n\t\t\t\t<div class=\"elementor-widget-container\">\n\t\t\t\t\t\t\t\t<div class=\"elementor-text-editor elementor-clearfix\">\n\t\t\t\t<h3><strong>Gu\u00eda do Residente 2024 (Ministerio de Sanidade)<\/strong><\/h3>\t\t\t\t\t<\/div>\n\t\t\t\t\t\t<\/div>\n\t\t\t\t<\/div>\n\t\t\t\t\t\t<\/div>\n\t\t\t\t\t<\/div>\n\t\t<\/div>\n\t\t\t\t\t\t\t\t<\/div>\n\t\t\t\t\t<\/div>\n\t\t<\/section>\n\t\t\t\t<section class=\"elementor-section elementor-top-section elementor-element elementor-element-d5744a0 elementor-section-boxed elementor-section-height-default elementor-section-height-default\" data-id=\"d5744a0\" data-element_type=\"section\">\n\t\t\t\t\t\t<div class=\"elementor-container elementor-column-gap-default\">\n\t\t\t\t\t\t\t<div class=\"elementor-row\">\n\t\t\t\t\t<div class=\"elementor-column elementor-col-100 elementor-top-column elementor-element elementor-element-95ac646\" data-id=\"95ac646\" data-element_type=\"column\">\n\t\t\t<div class=\"elementor-column-wrap elementor-element-populated\">\n\t\t\t\t\t\t\t<div class=\"elementor-widget-wrap\">\n\t\t\t\t\t\t<div class=\"elementor-element elementor-element-59934f6 elementor-align-left elementor-widget elementor-widget-button\" data-id=\"59934f6\" data-element_type=\"widget\" data-widget_type=\"button.default\">\n\t\t\t\t<div class=\"elementor-widget-container\">\n\t\t\t\t\t<div class=\"elementor-button-wrapper\">\n\t\t\t<a href=\"https:\/\/www.sanidad.gob.es\/areas\/profesionesSanitarias\/formacionEspecializada\/registroNacional\/docs\/Guia_del_residente_2025.pdf\" class=\"elementor-button-link elementor-button elementor-size-md\" role=\"button\">\n\t\t\t\t\t\t<span class=\"elementor-button-content-wrapper\">\n\t\t\t\t\t\t<span class=\"elementor-button-text\">Descarga<\/span>\n\t\t<\/span>\n\t\t\t\t\t<\/a>\n\t\t<\/div>\n\t\t\t\t<\/div>\n\t\t\t\t<\/div>\n\t\t\t\t\t\t<\/div>\n\t\t\t\t\t<\/div>\n\t\t<\/div>\n\t\t\t\t\t\t\t\t<\/div>\n\t\t\t\t\t<\/div>\n\t\t<\/section>\n\t\t\t\t\t\t\t\t\t<\/div>\n\t\t\t<\/div>\n\t\t\t\t\t<\/div>\n\t\t","protected":false},"excerpt":{"rendered":"<p>Incorporaci\u00f3n Unha vez que tomades posesi\u00f3n da praza de residente, dentro do prazo establecido na adxudicaci\u00f3n, deberedes presentarvos na secretar\u00eda da Unidade de Docencia Multiprofesional para iniciar o voso expediente e al\u00ed recibiredes o calendario e as indicaci\u00f3ns precisas que vos facilitar\u00e1n a vosa incorporaci\u00f3n. Para a apertura do expediente formativo deberedes entregar unha fotograf\u00eda &hellip;<\/p>\n<p class=\"read-more\"> <a class=\"\" href=\"https:\/\/www.afecvigo.es\/web\/?page_id=3407&#038;lang=es\"> <span class=\"screen-reader-text\">Incorporaci\u00f3n<\/span> Read More &raquo;<\/a><\/p>\n","protected":false},"author":1,"featured_media":2968,"parent":0,"menu_order":0,"comment_status":"closed","ping_status":"closed","template":"elementor_header_footer","meta":{"footnotes":""},"class_list":["post-3407","page","type-page","status-publish","has-post-thumbnail","hentry"],"_links":{"self":[{"href":"https:\/\/www.afecvigo.es\/web\/index.php?rest_route=\/wp\/v2\/pages\/3407","targetHints":{"allow":["GET"]}}],"collection":[{"href":"https:\/\/www.afecvigo.es\/web\/index.php?rest_route=\/wp\/v2\/pages"}],"about":[{"href":"https:\/\/www.afecvigo.es\/web\/index.php?rest_route=\/wp\/v2\/types\/page"}],"author":[{"embeddable":true,"href":"https:\/\/www.afecvigo.es\/web\/index.php?rest_route=\/wp\/v2\/users\/1"}],"replies":[{"embeddable":true,"href":"https:\/\/www.afecvigo.es\/web\/index.php?rest_route=%2Fwp%2Fv2%2Fcomments&post=3407"}],"version-history":[{"count":30,"href":"https:\/\/www.afecvigo.es\/web\/index.php?rest_route=\/wp\/v2\/pages\/3407\/revisions"}],"predecessor-version":[{"id":7762,"href":"https:\/\/www.afecvigo.es\/web\/index.php?rest_route=\/wp\/v2\/pages\/3407\/revisions\/7762"}],"wp:featuredmedia":[{"embeddable":true,"href":"https:\/\/www.afecvigo.es\/web\/index.php?rest_route=\/wp\/v2\/media\/2968"}],"wp:attachment":[{"href":"https:\/\/www.afecvigo.es\/web\/index.php?rest_route=%2Fwp%2Fv2%2Fmedia&parent=3407"}],"curies":[{"name":"wp","href":"https:\/\/api.w.org\/{rel}","templated":true}]}}