{"id":3360,"date":"2022-02-17T12:26:48","date_gmt":"2022-02-17T12:26:48","guid":{"rendered":"https:\/\/www.afecvigo.es\/web\/?page_id=3360"},"modified":"2025-04-16T12:08:29","modified_gmt":"2025-04-16T12:08:29","slug":"061-3","status":"publish","type":"page","link":"https:\/\/www.afecvigo.es\/web\/?page_id=3360&lang=es","title":{"rendered":"061"},"content":{"rendered":"\t\t<div data-elementor-type=\"wp-page\" data-elementor-id=\"3360\" class=\"elementor elementor-3360\">\n\t\t\t\t\t\t<div class=\"elementor-inner\">\n\t\t\t\t<div class=\"elementor-section-wrap\">\n\t\t\t\t\t\t\t\t\t<section class=\"elementor-section elementor-top-section elementor-element elementor-element-40056522 elementor-section-boxed elementor-section-height-default elementor-section-height-default\" data-id=\"40056522\" data-element_type=\"section\">\n\t\t\t\t\t\t<div class=\"elementor-container elementor-column-gap-default\">\n\t\t\t\t\t\t\t<div class=\"elementor-row\">\n\t\t\t\t\t<div class=\"elementor-column elementor-col-100 elementor-top-column elementor-element elementor-element-612df51c\" data-id=\"612df51c\" data-element_type=\"column\">\n\t\t\t<div class=\"elementor-column-wrap elementor-element-populated\">\n\t\t\t\t\t\t\t<div class=\"elementor-widget-wrap\">\n\t\t\t\t\t\t<div class=\"elementor-element elementor-element-1447ff25 elementor-widget elementor-widget-text-editor\" data-id=\"1447ff25\" data-element_type=\"widget\" data-widget_type=\"text-editor.default\">\n\t\t\t\t<div class=\"elementor-widget-container\">\n\t\t\t\t\t\t\t\t<div class=\"elementor-text-editor elementor-clearfix\">\n\t\t\t\t<p class=\"has-text-align-right\" style=\"text-align: left;\"><strong style=\"font-size: 20px; text-align: center;\"><a href=\"https:\/\/061.sergas.gal\/Paxinas\/web.aspx\" target=\"_blank\" rel=\"noreferrer noopener\" data-type=\"URL\" data-id=\"https:\/\/061.sergas.gal\/Paxinas\/web.aspx\">Central Fundaci\u00f3n Urgencias Sanitarias 061 (Silleda) Base ambulancias medicalizadas de Mos y Base de ambulancias medicalizadas de Vigo.<\/a><\/strong><\/p>\n<p><!-- \/wp:paragraph --><!-- wp:heading {\"level\":3} --><\/p>\n<h3>PROGRAMA EN LA AMBULANCIA MEDICALIZADA<\/h3>\n<p><!-- \/wp:heading --><!-- wp:heading {\"level\":6} --><\/p>\n<h6>ESTRUCTURACI\u00d3N DE LA ROTACI\u00d3N:<\/h6>\n<p><!-- \/wp:heading --><!-- wp:paragraph --><\/p>\n<p>Duraci\u00f3n total de la rotaci\u00f3n: 96 horas<\/p>\n<p><!-- \/wp:paragraph --><!-- wp:paragraph --><\/p>\n<p>La formaci\u00f3n pr\u00e1ctica consistir\u00e1 en una rotaci\u00f3n por las Ambulancia Medicalizada 746 e 751, distribuida en 8 turnos de 12 horas cada uno de 09:00 a 21:00. En la medida de lo posible, y dadas las diferentes patolog\u00edas que atienden con mayor frecuencia cada una de las unidades, tratara de realizar un n\u00famero de 4 turnos en cada una delas.<\/p>\n<p><!-- \/wp:paragraph --><!-- wp:heading {\"level\":6} --><\/p>\n<h6>DOCENTES:<\/h6>\n<p><!-- \/wp:heading --><!-- wp:list --><\/p>\n<ul>\n<li>M\u00e9dicos Asistenciais adxuntos da FPUS-061 de Galicia, que desempe\u00f1en su labor en la AM 746 y AM 751.<\/li>\n<\/ul>\n<p><!-- \/wp:list --><!-- wp:heading {\"level\":6} --><\/p>\n<h6>RESPONSABLES DOCENTES:<\/h6>\n<p><!-- \/wp:heading --><!-- wp:list --><\/p>\n<ul>\n<li>Base de Vigo\n<ul>\n<li>Elena Romera G\u00f3mez<\/li>\n<li>Oscar Manuel Gonz\u00e1lez Abelleira<\/li>\n<\/ul>\n<\/li>\n<li>Base de Mos\n<ul>\n<li>Francisco Jos\u00e9 Rodr\u00edguez Dom\u00ednguez<\/li>\n<li>Nuria Garc\u00eda Guti\u00e9rrez<\/li>\n<\/ul>\n<\/li>\n<\/ul>\n<p><!-- \/wp:list --><!-- wp:heading {\"level\":6} --><\/p>\n<h6>PROGRAMA: FORMACI\u00d3N TE\u00d3RICO-PR\u00c1CTICA: 60 HORAS<\/h6>\n<p><!-- \/wp:heading --><!-- wp:paragraph --><\/p>\n<p>PRIMER TURNO: <strong>QUIENES SOMOS, COMO TRABAJAMOS<\/strong>. Explicaci\u00f3n del trabajo diario, las diferentes relaciones asistenciales y de coordinaci\u00f3n. A un nivel pr\u00e1ctico explicar como trabajar dentro de una ambulancia medicalizada, de que material de trabajo se dispone y c\u00f3mo utilizarlo, que van a encontrar en las ambulancias que utilizan en atenci\u00f3n primaria y como sacar el mayor rendimiento. Comentar la figura del t\u00e9cnico en transporte sanitario, sus funciones y atribuciones. El trabajo en equipo.<\/p>\n<p><!-- \/wp:paragraph --><!-- wp:paragraph --><\/p>\n<p>SEGUNDO TURNO:<strong> ATENCI\u00d3N AL POLITRAUMATIZADO ADULTO<\/strong>. Repaso de los diferentes protocolos de actuaci\u00f3n en el traumatizado,\u00a0 con especial hincapi\u00e9 en los temas de inmovilizaci\u00f3n y\u00a0 desincarceraci\u00f3n, y los diferentes matices de trabajo en el \u00e1mbito extrahospitalario.<\/p>\n<p><!-- \/wp:paragraph --><!-- wp:paragraph --><\/p>\n<p>TERCER TURNO: <strong>ATENCI\u00d3N INICIAL AL POLITRAUMATIZADO PEDIATRICO.<\/strong> Repaso de las diferencias en los protocolos del uso de f\u00e1rmacos y t\u00e9cnicas de inmovilizaci\u00f3n en pediatr\u00eda. T\u00e9cnicas de acceso vascular e intr\u00f3seo. Manejo de la v\u00eda a\u00e9rea en la diferentes edades pedi\u00e1tricas.<\/p>\n<p><!-- \/wp:paragraph --><!-- wp:paragraph --><\/p>\n<p>CUARTO TURNO: <strong>SOPORTE VITAL AVANZADO DEL ADULTO<\/strong>. Repaso de los protocolos de SVA, poniendo especial \u00e9nfasis en la pr\u00e1ctica. <strong>DESFIBRILACI\u00d3N EXTERNA<\/strong><strong> SEMIAUTOM\u00c1TICA DEL ADULTO<\/strong>: repaso del DESA como parte del SVB instrumentalizado, recalcando el hecho de que disponen de ellos en todas las ambulancias de la red de transporte sanitario urgente\u00a0 (RTSU) y por tanto dispondr\u00e1n de ellos en su labor diaria.<\/p>\n<p><!-- \/wp:paragraph --><!-- wp:paragraph --><\/p>\n<p>QUINTO TURNO: <strong>SOPORTE VITAL AVANZADO PEDI\u00c1TRICO<\/strong>: revisi\u00f3n de protocolos de SVAP seg\u00fan recomendaciones del Grupo Espa\u00f1ol de\u00a0 RCP pedi\u00e1trica y neonatal. <strong>DESA PEDI\u00c1TRICO<\/strong>, recordar las indicaciones pedi\u00e1tricas del DESA que tienen en las RTSU y presentar el nuevo DESA pedi\u00e1trico y por tanto las nuevas indicaciones.<\/p>\n<p><!-- \/wp:paragraph --><!-- wp:paragraph --><\/p>\n<p>SEXTO TURNO: <strong>ATENCI\u00d3N PREHOSPITALARIA AL SINDROME CORONARIO AGUDO<\/strong>. Conocimiento de los programas espec\u00edficos realizados por el 061:\u00a0 programa alerta coraz\u00f3n, fibrinolisis prehospitalaria, angioplastia primaria , facilitada y de rescate. Repaso de la actuaci\u00f3n ante la cardiopat\u00eda isqu\u00e9mica en el \u00e1mbito prehospitalario.<\/p>\n<p><!-- \/wp:paragraph --><!-- wp:paragraph --><\/p>\n<p>SEPTIMO Y OCTAVO TURNOS: <strong>ATENCI\u00d3N A LAS DIFERENTES URGENCIAS VITALES EN EL AMBITO PREHOSPITALARIO.<\/strong> Urgencias cardiovasculares, respiratorias, digestivas, infecciosas, metab\u00f3licas-endocrinol\u00f3gicas, neurol\u00f3gicas, hematol\u00f3gicos, dermatol\u00f3gicas, renales, oftalmol\u00f3gica y del \u00e1rea ORL.<\/p>\n<p><!-- \/wp:paragraph --><!-- wp:paragraph --><\/p>\n<p>En estos \u00faltimos turnos se revisar\u00edan los temas que por alguna raz\u00f3n no se pudieran haber visto en los d\u00edas previos, intentando que todo el mundo reciba la misma informaci\u00f3n al finalizar la rotaci\u00f3n.<\/p>\n<p><!-- \/wp:paragraph --><!-- wp:paragraph --><\/p>\n<p><em>Como existe la posibilidad de que en la pr\u00e1ctica diaria no se puedan tocar todos los temas, se dispone en la base de maniqu\u00eds en los que se pueden realizar las pr\u00e1cticas necesarias para los diferentes temas.<\/em><\/p>\n<p><!-- \/wp:paragraph --><!-- wp:heading {\"level\":3} --><\/p>\n<h3>PROGRAMA EN LA CENTRAL DE COORDINACI\u00d3N DE URGENCIAS SANITARIAS<\/h3>\n<p><!-- \/wp:heading --><!-- wp:heading {\"level\":6} --><\/p>\n<h6>OBJETIVOS:<\/h6>\n<p><!-- \/wp:heading --><!-- wp:list {\"ordered\":true,\"type\":\"1\"} --><\/p>\n<ol type=\"1\">\n<li>Conocimiento de los Sistemas Integrales de Urgencias y Emergencias.<\/li>\n<li>Conocimiento del trabajo que se realiza en la Central de Coordinaci\u00f3n de la Fundaci\u00f3n P\u00fablica Urxencias Sanitarias de Galicia-061.<\/li>\n<li>Conocimiento de la cartera de servicios del 061 de Galicia.<\/li>\n<li>Descripci\u00f3n y caracter\u00edsticas de los diferentes recursos de los que dispone el 061 de Galicia para la atenci\u00f3n a las urgencias extrahospitalarias en la Comunidad Aut\u00f3noma. Optimizaci\u00f3n y gesti\u00f3n adecuada de dichos recursos.<\/li>\n<li>Conocimiento de los diferentes programas que se gestionan desde el 061 de Galicia.<\/li>\n<li>Conocimiento del procedimiento de actuaci\u00f3n y de coordinaci\u00f3n con los diferentes niveles de atenci\u00f3n a las urgencias (Atenci\u00f3n Primaria y Atenci\u00f3n Especializada).<\/li>\n<\/ol>\n<p><!-- \/wp:list --><!-- wp:heading {\"level\":6} --><\/p>\n<h6>ESTRUCTURACI\u00d3N DE LA ROTACI\u00d3N:<\/h6>\n<p><!-- \/wp:heading --><!-- wp:paragraph --><\/p>\n<p>Duraci\u00f3n total de la rotaci\u00f3n: 24 horas<\/p>\n<p><!-- \/wp:paragraph --><!-- wp:paragraph --><\/p>\n<p>La formaci\u00f3n pr\u00e1ctica consistir\u00e1 en una rotaci\u00f3n por la Central de Coordinaci\u00f3n de Urgencias Sanitarias, distribuida en 4 turnos de 6 horas cada uno, concertando los d\u00edas de rotaci\u00f3n y los horarios con el responsable de la rotaci\u00f3n por la Central de Coordinaci\u00f3n. Los turnos se podr\u00e1n realizar en horario de ma\u00f1ana o tarde, de lunes a jueves.<\/p>\n<p><!-- \/wp:paragraph --><!-- wp:heading {\"level\":6} --><\/p>\n<h6>DOCENTES:<\/h6>\n<p><!-- \/wp:heading --><!-- wp:list --><\/p>\n<ul>\n<li>M\u00e9dicos Coordinadores adjuntos de la FPUS-061 de Galicia, que desempe\u00f1en su labor en el puesto de Jefe de Sala, MER o consultor\u00eda m\u00e9dica.<\/li>\n<li>Formadores de la FPUS-061 de Galicia.<\/li>\n<\/ul>\n<p><!-- \/wp:list --><!-- wp:heading {\"level\":6} --><\/p>\n<h6>RESPONSABLE DOCENTE:<\/h6>\n<p><!-- \/wp:heading --><!-- wp:list --><\/p>\n<ul>\n<li>Mar\u00eda Jos\u00e9 Gil Leal<\/li>\n<\/ul>\n<p><!-- \/wp:list --><!-- wp:heading {\"level\":6} --><\/p>\n<h6>PROGRAMA: FORMACI\u00d3N TE\u00d3RICO-PR\u00c1CTICA: 24 HORAS<\/h6>\n<p><!-- \/wp:heading --><!-- wp:paragraph --><\/p>\n<p><strong>Rotaci\u00f3n y pr\u00e1cticas en la Central de Coordinaci\u00f3n, que incluir\u00e1n:<\/strong><\/p>\n<p><!-- \/wp:paragraph --><!-- wp:list {\"ordered\":true,\"type\":\"1\"} --><\/p>\n<ol type=\"1\">\n<li>Presentaci\u00f3n del 061 de Galicia. Concepto y funcionamiento de la Central de Coordinaci\u00f3n de Urxencias Sanitarias 061-Galicia. <strong>2 horas<\/strong>\n<ol>\n<li>Concepto de Coordinaci\u00f3n Sanitaria.<\/li>\n<\/ol>\n<ol>\n<li>Recursos humanos de la CCUS del 061 de Galicia.<\/li>\n<\/ol>\n<ol>\n<li>Recursos tecnol\u00f3gicos de la CCUS (ACD, Grabadora, red TRUNKING, GPS, telefon\u00eda m\u00f3vil, ACORDE, GIS, Intranenet.<\/li>\n<\/ol>\n<\/li>\n<\/ol>\n<p><!-- \/wp:list --><!-- wp:list --><\/p>\n<ul>\n<li>Rotaci\u00f3n a doble casco en el puesto de m\u00e9dico coordinador, pasando por los distintos puestos, M\u00e9dico Consultor, MER y Jefe de Sala: <strong>22 horas (15 horas en puesto de m\u00e9dico consultor, 3 horas en el de MER y 4 horas\u00a0 en el de Jefe de Sala).<\/strong>\n<ul>\n<li>M\u00f3dulo de m\u00e9dico de ACORDE. Directorio<\/li>\n<\/ul>\n<ul>\n<li>Protocolo m\u00e9dico informatizado<\/li>\n<\/ul>\n<ul>\n<li>Criterios de coordinaci\u00f3n m\u00e9dica<\/li>\n<\/ul>\n<ul>\n<li>Cartera de Servicios del 061<\/li>\n<\/ul>\n<ul>\n<li>Coordinaci\u00f3n con los diferentes niveles de atenci\u00f3n a las urgencias (Atenci\u00f3n Primaria y Atenci\u00f3n Especializada).<\/li>\n<\/ul>\n<ul>\n<li>Estructuraci\u00f3n del interrogatorio m\u00e9dico telef\u00f3nico.<\/li>\n<\/ul>\n<ul>\n<li>Servicios primarios, secundarios y transferencia en ruta.<\/li>\n<\/ul>\n<ul>\n<li>Gu\u00edas de movilizaci\u00f3n de recursos (actuaci\u00f3n en la movilizaci\u00f3n de ambulancias de la RTSU, ambulancias b\u00e1sicas, helic\u00f3pteros medicalizados, Ambulancias de soporte vital avanzado, m\u00e9dicos de Atenci\u00f3n Primaria)<\/li>\n<\/ul>\n<ul>\n<li>Programas especiales:<\/li>\n<\/ul>\n<ul>\n<li>Alerta coraz\u00f3n<\/li>\n<\/ul>\n<ul>\n<li>HADO<\/li>\n<\/ul>\n<ul>\n<li>Alerta pedi\u00e1trica<\/li>\n<\/ul>\n<ul>\n<li>Alerta escolar<\/li>\n<\/ul>\n<ul>\n<li>Atenci\u00f3n al paciente sordo<\/li>\n<\/ul>\n<ul>\n<li>Procedimientos espec\u00edficos<\/li>\n<\/ul>\n<ul>\n<li>Angioplastia primaria<\/li>\n<\/ul>\n<ul>\n<li>C\u00f3digo 0 (donantes en asistolia)<\/li>\n<\/ul>\n<ul>\n<li>Desfibrilaci\u00f3n Semiautom\u00e1tica Externa (DESA)<\/li>\n<\/ul>\n<ul>\n<li>Coordinaci\u00f3n en trasplantes<\/li>\n<\/ul>\n<ul>\n<li>Salud Mental (conocimiento del Protocolo Xeral, gu\u00edas de actuaci\u00f3n)<\/li>\n<\/ul>\n<ul>\n<li>Asistencia a detenidos<\/li>\n<\/ul>\n<ul>\n<li>Actuaci\u00f3n ante accidentes de m\u00faltiples v\u00edctimas y cat\u00e1strofes<\/li>\n<\/ul>\n<\/li>\n<\/ul>\n<p><!-- \/wp:list --><!-- wp:heading {\"level\":6} --><\/p>\n<h6>UNIFORMIDAD Y COMPORTAMIENTO<\/h6>\n<p><!-- \/wp:heading --><!-- wp:paragraph --><\/p>\n<p>A los residentes se les facilitar\u00e1 uniforme completo excepto el calzado. Dependiendo de la disponibilidad podr\u00e1 ser utilizado el mismo durante las diferentes guardias que realice. Con el fin de mantener al equipo unido en todo momento la FPUS-061 se har\u00e1 cargo tambi\u00e9n de la comida durante la realizaci\u00f3n del turno en la AM.<\/p>\n<p><!-- \/wp:paragraph --><!-- wp:paragraph --><\/p>\n<p>Durante los servicios seguir\u00e1 las instrucciones que el m\u00e9dico tutor le indique en todo momento, y en especial todas aquellas que tengan relaci\u00f3n con su seguridad en servicios de caracter\u00edsticas complicadas. Ayudar\u00e1 al tutor en las tareas que le sean solicitadas. Seguir\u00e1n adem\u00e1s las indicaciones que realice el conductor de la ambulancia durante los traslados as\u00ed como para subir y bajar del veh\u00edculo utilizando los sistemas de protecci\u00f3n que dispone la unidad. En el caso de la rotaci\u00f3n por la CCUS-061 se regir\u00e1 por las normas de la sala y atender\u00e1 a as explicaciones del tutor encargado en ese momento, ya sea un formador, locutor, operador o medico de sala. El \u00faltimo d\u00eda de la rotaci\u00f3n podr\u00e1 realizar consulta m\u00e9dica telef\u00f3nica con doble casco autorizado en todo momento por el m\u00e9dico a cargo de la consulta.<\/p>\n<p><!-- \/wp:paragraph --><!-- wp:heading {\"level\":6} --><\/p>\n<h6>EVALUACI\u00d3N DEL RESIDENTE<\/h6>\n<p><!-- \/wp:heading --><!-- wp:paragraph --><\/p>\n<p>Se plantea como una evaluaci\u00f3n continua, al final de cada guardia el tutor con el que haya estado el residente, rellenar\u00e1 una ficha donde se refleje si se han cumplido los objetivos de dicho turno, y las diferentes actividades que se han realizado, as\u00ed como la actitud del residente. El residente realizar\u00e1 al menos una guardia con uno de los tutores responsables de la rotaci\u00f3n y encargados de la evaluaci\u00f3n final,\u00a0 que tambi\u00e9n se valorar\u00e1 con dicha ficha de control, al final de la rotaci\u00f3n se valoraran los 8 turnos y la rotaci\u00f3n por la Central de Coordinaci\u00f3n, decidi\u00e9ndose la nota final.<\/p>\n<p><!-- \/wp:paragraph --><\/p>\t\t\t\t\t<\/div>\n\t\t\t\t\t\t<\/div>\n\t\t\t\t<\/div>\n\t\t\t\t\t\t<\/div>\n\t\t\t\t\t<\/div>\n\t\t<\/div>\n\t\t\t\t\t\t\t\t<\/div>\n\t\t\t\t\t<\/div>\n\t\t<\/section>\n\t\t\t\t\t\t\t\t\t<\/div>\n\t\t\t<\/div>\n\t\t\t\t\t<\/div>\n\t\t","protected":false},"excerpt":{"rendered":"<p>Central Fundaci\u00f3n Urgencias Sanitarias 061 (Silleda) Base ambulancias medicalizadas de Mos y Base de ambulancias medicalizadas de Vigo. PROGRAMA EN LA AMBULANCIA MEDICALIZADA ESTRUCTURACI\u00d3N DE LA ROTACI\u00d3N: Duraci\u00f3n total de la rotaci\u00f3n: 96 horas La formaci\u00f3n pr\u00e1ctica consistir\u00e1 en una rotaci\u00f3n por las Ambulancia Medicalizada 746 e 751, distribuida en 8 turnos de 12 horas &hellip;<\/p>\n<p class=\"read-more\"> <a class=\"\" href=\"https:\/\/www.afecvigo.es\/web\/?page_id=3360&#038;lang=es\"> <span class=\"screen-reader-text\">061<\/span> Read More &raquo;<\/a><\/p>\n","protected":false},"author":1,"featured_media":5053,"parent":0,"menu_order":0,"comment_status":"closed","ping_status":"closed","template":"elementor_header_footer","meta":{"footnotes":""},"class_list":["post-3360","page","type-page","status-publish","has-post-thumbnail","hentry"],"_links":{"self":[{"href":"https:\/\/www.afecvigo.es\/web\/index.php?rest_route=\/wp\/v2\/pages\/3360","targetHints":{"allow":["GET"]}}],"collection":[{"href":"https:\/\/www.afecvigo.es\/web\/index.php?rest_route=\/wp\/v2\/pages"}],"about":[{"href":"https:\/\/www.afecvigo.es\/web\/index.php?rest_route=\/wp\/v2\/types\/page"}],"author":[{"embeddable":true,"href":"https:\/\/www.afecvigo.es\/web\/index.php?rest_route=\/wp\/v2\/users\/1"}],"replies":[{"embeddable":true,"href":"https:\/\/www.afecvigo.es\/web\/index.php?rest_route=%2Fwp%2Fv2%2Fcomments&post=3360"}],"version-history":[{"count":12,"href":"https:\/\/www.afecvigo.es\/web\/index.php?rest_route=\/wp\/v2\/pages\/3360\/revisions"}],"predecessor-version":[{"id":7512,"href":"https:\/\/www.afecvigo.es\/web\/index.php?rest_route=\/wp\/v2\/pages\/3360\/revisions\/7512"}],"wp:featuredmedia":[{"embeddable":true,"href":"https:\/\/www.afecvigo.es\/web\/index.php?rest_route=\/wp\/v2\/media\/5053"}],"wp:attachment":[{"href":"https:\/\/www.afecvigo.es\/web\/index.php?rest_route=%2Fwp%2Fv2%2Fmedia&parent=3360"}],"curies":[{"name":"wp","href":"https:\/\/api.w.org\/{rel}","templated":true}]}}