{"id":2505,"date":"2022-02-02T14:57:57","date_gmt":"2022-02-02T14:57:57","guid":{"rendered":"https:\/\/www.afecvigo.es\/web\/?page_id=2505"},"modified":"2025-04-16T12:30:09","modified_gmt":"2025-04-16T12:30:09","slug":"reciclaje","status":"publish","type":"page","link":"https:\/\/www.afecvigo.es\/web\/?page_id=2505","title":{"rendered":"Reciclaxe"},"content":{"rendered":"\t\t<div data-elementor-type=\"wp-page\" data-elementor-id=\"2505\" class=\"elementor elementor-2505\">\n\t\t\t\t\t\t<div class=\"elementor-inner\">\n\t\t\t\t<div class=\"elementor-section-wrap\">\n\t\t\t\t\t\t\t\t\t<section class=\"elementor-section elementor-top-section elementor-element elementor-element-91eba35 elementor-section-boxed elementor-section-height-default elementor-section-height-default\" data-id=\"91eba35\" data-element_type=\"section\">\n\t\t\t\t\t\t<div class=\"elementor-container elementor-column-gap-default\">\n\t\t\t\t\t\t\t<div class=\"elementor-row\">\n\t\t\t\t\t<div class=\"elementor-column elementor-col-100 elementor-top-column elementor-element elementor-element-a121e49\" data-id=\"a121e49\" data-element_type=\"column\">\n\t\t\t<div class=\"elementor-column-wrap elementor-element-populated\">\n\t\t\t\t\t\t\t<div class=\"elementor-widget-wrap\">\n\t\t\t\t\t\t<div class=\"elementor-element elementor-element-dcc1e9a elementor-widget elementor-widget-image\" data-id=\"dcc1e9a\" data-element_type=\"widget\" data-widget_type=\"image.default\">\n\t\t\t\t<div class=\"elementor-widget-container\">\n\t\t\t\t\t\t\t\t<div class=\"elementor-image\">\n\t\t\t\t\t\t\t\t\t\t\t\t<img loading=\"lazy\" decoding=\"async\" width=\"768\" height=\"576\" src=\"https:\/\/www.afecvigo.es\/web\/wp-content\/uploads\/2022\/11\/IMG_4994-1024x768-1-768x576.jpg\" class=\"attachment-medium_large size-medium_large\" alt=\"\" srcset=\"https:\/\/www.afecvigo.es\/web\/wp-content\/uploads\/2022\/11\/IMG_4994-1024x768-1-768x576.jpg 768w, https:\/\/www.afecvigo.es\/web\/wp-content\/uploads\/2022\/11\/IMG_4994-1024x768-1-300x225.jpg 300w, https:\/\/www.afecvigo.es\/web\/wp-content\/uploads\/2022\/11\/IMG_4994-1024x768-1.jpg 1024w\" sizes=\"auto, (max-width: 768px) 100vw, 768px\" \/>\t\t\t\t\t\t\t\t\t\t\t\t\t\t<\/div>\n\t\t\t\t\t\t<\/div>\n\t\t\t\t<\/div>\n\t\t\t\t\t\t<\/div>\n\t\t\t\t\t<\/div>\n\t\t<\/div>\n\t\t\t\t\t\t\t\t<\/div>\n\t\t\t\t\t<\/div>\n\t\t<\/section>\n\t\t\t\t<section class=\"elementor-section elementor-top-section elementor-element elementor-element-4ec59aa0 elementor-section-boxed elementor-section-height-default elementor-section-height-default\" data-id=\"4ec59aa0\" data-element_type=\"section\">\n\t\t\t\t\t\t<div class=\"elementor-container elementor-column-gap-default\">\n\t\t\t\t\t\t\t<div class=\"elementor-row\">\n\t\t\t\t\t<div class=\"elementor-column elementor-col-100 elementor-top-column elementor-element elementor-element-658b46e\" data-id=\"658b46e\" data-element_type=\"column\">\n\t\t\t<div class=\"elementor-column-wrap elementor-element-populated\">\n\t\t\t\t\t\t\t<div class=\"elementor-widget-wrap\">\n\t\t\t\t\t\t<div class=\"elementor-element elementor-element-796e9e8c elementor-widget elementor-widget-text-editor\" data-id=\"796e9e8c\" data-element_type=\"widget\" data-widget_type=\"text-editor.default\">\n\t\t\t\t<div class=\"elementor-widget-container\">\n\t\t\t\t\t\t\t\t<div class=\"elementor-text-editor elementor-clearfix\">\n\t\t\t\t<!-- wp:paragraph -->\n<p>As\/os tutoras\/es poden solicitar un mes de rotaci\u00f3n para actualizarse, se o desexan, cundo te\u00f1en residentes no seu \u00faltimo ano de residencia. O residente de \u00faltimo ano farase cargo de toda a actividade correspondente \u00f3 tutor, mentres o tutor realiza a estancia formativa.<\/p>\n<!-- \/wp:paragraph -->\n\n<!-- wp:paragraph -->\n<p>A solicitude de rotaci\u00f3n real\u00edzase a trav\u00e9s da Secretar\u00eda da Unidade Docente Multidisciplinar de Atenci\u00f3n Familiar e Comunitaria, dende donde se realizar\u00e1n e coordinar\u00e1n todas as xesti\u00f3ns.<\/p>\n<!-- \/wp:paragraph -->\n\n<!-- wp:buttons -->\n<div class=\"wp-block-buttons\"><!-- wp:button {\"style\":{\"border\":{\"radius\":\"0px\"}},\"className\":\"is-style-fill\"} -->\n<div class=\"wp-block-button is-style-fill\"><a class=\"wp-block-button__link\" href=\"https:\/\/www.afecvigo.es\/web\/solicitudes-de-reciclaje\/\" style=\"border-radius:0px\">Formulario<\/a><\/div>\n<!-- \/wp:button --><\/div>\n<!-- \/wp:buttons -->\t\t\t\t\t<\/div>\n\t\t\t\t\t\t<\/div>\n\t\t\t\t<\/div>\n\t\t\t\t\t\t<\/div>\n\t\t\t\t\t<\/div>\n\t\t<\/div>\n\t\t\t\t\t\t\t\t<\/div>\n\t\t\t\t\t<\/div>\n\t\t<\/section>\n\t\t\t\t\t\t\t\t\t<\/div>\n\t\t\t<\/div>\n\t\t\t\t\t<\/div>\n\t\t","protected":false},"excerpt":{"rendered":"<p>As\/os tutoras\/es poden solicitar un mes de rotaci\u00f3n para actualizarse, se o desexan, cundo te\u00f1en residentes no seu \u00faltimo ano de residencia. O residente de \u00faltimo ano farase cargo de toda a actividade correspondente \u00f3 tutor, mentres o tutor realiza a estancia formativa. A solicitude de rotaci\u00f3n real\u00edzase a trav\u00e9s da Secretar\u00eda da Unidade Docente &hellip;<\/p>\n<p class=\"read-more\"> <a class=\"\" href=\"https:\/\/www.afecvigo.es\/web\/?page_id=2505\"> <span class=\"screen-reader-text\">Reciclaxe<\/span> Read More &raquo;<\/a><\/p>\n","protected":false},"author":1,"featured_media":4315,"parent":0,"menu_order":0,"comment_status":"closed","ping_status":"closed","template":"elementor_header_footer","meta":{"footnotes":""},"class_list":["post-2505","page","type-page","status-publish","has-post-thumbnail","hentry"],"_links":{"self":[{"href":"https:\/\/www.afecvigo.es\/web\/index.php?rest_route=\/wp\/v2\/pages\/2505","targetHints":{"allow":["GET"]}}],"collection":[{"href":"https:\/\/www.afecvigo.es\/web\/index.php?rest_route=\/wp\/v2\/pages"}],"about":[{"href":"https:\/\/www.afecvigo.es\/web\/index.php?rest_route=\/wp\/v2\/types\/page"}],"author":[{"embeddable":true,"href":"https:\/\/www.afecvigo.es\/web\/index.php?rest_route=\/wp\/v2\/users\/1"}],"replies":[{"embeddable":true,"href":"https:\/\/www.afecvigo.es\/web\/index.php?rest_route=%2Fwp%2Fv2%2Fcomments&post=2505"}],"version-history":[{"count":9,"href":"https:\/\/www.afecvigo.es\/web\/index.php?rest_route=\/wp\/v2\/pages\/2505\/revisions"}],"predecessor-version":[{"id":7581,"href":"https:\/\/www.afecvigo.es\/web\/index.php?rest_route=\/wp\/v2\/pages\/2505\/revisions\/7581"}],"wp:featuredmedia":[{"embeddable":true,"href":"https:\/\/www.afecvigo.es\/web\/index.php?rest_route=\/wp\/v2\/media\/4315"}],"wp:attachment":[{"href":"https:\/\/www.afecvigo.es\/web\/index.php?rest_route=%2Fwp%2Fv2%2Fmedia&parent=2505"}],"curies":[{"name":"wp","href":"https:\/\/api.w.org\/{rel}","templated":true}]}}