{"id":1870,"date":"2021-07-19T08:28:54","date_gmt":"2021-07-19T08:28:54","guid":{"rendered":"https:\/\/www.afecvigo.es\/web\/?page_id=1870"},"modified":"2025-04-09T11:42:07","modified_gmt":"2025-04-09T11:42:07","slug":"plan-de-formacion","status":"publish","type":"page","link":"https:\/\/www.afecvigo.es\/web\/?page_id=1870","title":{"rendered":"Acreditaci\u00f3n Colaboradores Docentes"},"content":{"rendered":"\t\t<div data-elementor-type=\"wp-page\" data-elementor-id=\"1870\" class=\"elementor elementor-1870\">\n\t\t\t\t\t\t<div class=\"elementor-inner\">\n\t\t\t\t<div class=\"elementor-section-wrap\">\n\t\t\t\t\t\t\t\t\t<section class=\"elementor-section elementor-top-section elementor-element elementor-element-63e65cce elementor-section-boxed elementor-section-height-default elementor-section-height-default\" data-id=\"63e65cce\" data-element_type=\"section\">\n\t\t\t\t\t\t<div class=\"elementor-container elementor-column-gap-default\">\n\t\t\t\t\t\t\t<div class=\"elementor-row\">\n\t\t\t\t\t<div class=\"elementor-column elementor-col-100 elementor-top-column elementor-element elementor-element-44e4cf22\" data-id=\"44e4cf22\" data-element_type=\"column\">\n\t\t\t<div class=\"elementor-column-wrap elementor-element-populated\">\n\t\t\t\t\t\t\t<div class=\"elementor-widget-wrap\">\n\t\t\t\t\t\t<div class=\"elementor-element elementor-element-217dc193 elementor-widget elementor-widget-text-editor\" data-id=\"217dc193\" data-element_type=\"widget\" data-widget_type=\"text-editor.default\">\n\t\t\t\t<div class=\"elementor-widget-container\">\n\t\t\t\t\t\t\t\t<div class=\"elementor-text-editor elementor-clearfix\">\n\t\t\t\t<!-- wp:heading {\"level\":5} -->\n<h5>\u00a0<\/h5>\n<!-- \/wp:heading --><!-- wp:heading {\"level\":3} -->\n<h3><a href=\"https:\/\/www.afecvigo.es\/web\/wp-content\/uploads\/2022\/11\/00-Criterios-de-acreditacion-Colaboradores-Docentes-Definitivo_2021.pdf\" data-type=\"URL\" data-id=\"https:\/\/www.afecvigo.es\/web\/wp-content\/uploads\/2022\/11\/00-Criterios-de-acreditacion-Colaboradores-Docentes-Definitivo_2021.pdf\">Criterios Acreditaci\u00f3n Colaboradores Docentes PAC<\/a><\/h3>\n<!-- \/wp:heading -->\n<p><strong>TITULACI\u00d3N:<\/strong><\/p>\n<p><strong>Especialista en Medicina de Familia e Comunitaria (optativo)<\/strong><\/p>\n<p><strong>Especialista en Enfermer\u00edade Familia e Comunitaria (optativo)<\/strong><\/p>\n<p>\u00a0<\/p>\n<p><em>Puntos = 1<\/em><\/p>\n<p><strong>\u00a0<\/strong><\/p>\n<p><strong>PERFIL CL\u00cdNICO.<\/strong><\/p>\n<table>\n<tbody>\n<tr>\n<td width=\"567\">\n<p><strong>\u00a0<\/strong><\/p>\n<\/td>\n<td colspan=\"2\" width=\"227\">\n<p><strong>PUNTOS<\/strong><\/p>\n<\/td>\n<\/tr>\n<tr>\n<td width=\"567\">\n<p><strong>\u00a0<\/strong><\/p>\n<\/td>\n<td width=\"113\">\n<p><strong>M\u00ednimo<\/strong><\/p>\n<\/td>\n<td width=\"113\">\n<p><strong>M\u00e1ximo<\/strong><\/p>\n<\/td>\n<\/tr>\n<tr>\n<td width=\"567\">\n<p>Actividades de formaci\u00f3n continuada en \u00e1reas espec\u00edficas:<\/p>\n<\/td>\n<td width=\"113\">\n<p>1<\/p>\n<\/td>\n<td width=\"113\">\n<p>3<\/p>\n<\/td>\n<\/tr>\n<tr>\n<td width=\"567\">\n<p>Actividades de formaci\u00f3n continuada en el \u00e1rea cl\u00ednica<\/p>\n<\/td>\n<td width=\"113\">\n<p>1<\/p>\n<\/td>\n<td width=\"113\">\n<p>2<\/p>\n<\/td>\n<\/tr>\n<tr>\n<td width=\"567\">\n<p>Otros m\u00e9ritos no perfil cl\u00ednico<\/p>\n<\/td>\n<td width=\"113\">\u00a0<\/td>\n<td width=\"113\">\n<p>2<\/p>\n<\/td>\n<\/tr>\n<tr>\n<td width=\"567\">\n<p>Tempo traballado no PAC<\/p>\n<\/td>\n<td width=\"113\">\n<p>1<\/p>\n<\/td>\n<td width=\"113\">\u00a0<\/td>\n<\/tr>\n<\/tbody>\n<\/table>\n<table>\n<tbody>\n<tr>\n<td width=\"340\">\n<p><em>\u00a0<\/em><\/p>\n<\/td>\n<td width=\"170\">\n<p><em>Acreditaci\u00f3n<\/em><\/p>\n<\/td>\n<td width=\"170\">\n<p><em>Reacreditaci\u00f3n<\/em><\/p>\n<\/td>\n<\/tr>\n<tr>\n<td width=\"340\">\n<p><em>Total puntos<\/em><\/p>\n<\/td>\n<td width=\"170\">\n<p><em>2<\/em><\/p>\n<\/td>\n<td width=\"170\">\n<p><em>2<\/em><\/p>\n<\/td>\n<\/tr>\n<\/tbody>\n<\/table>\n<p><strong>\u00a0<\/strong><\/p>\n<p><strong>Actividades de formaci\u00f3n continuada en \u00e1reas espec\u00edficas.<\/strong><\/p>\n<p>Curso de RCP Avanzada<\/p>\n<p>Atenci\u00f3n al Politraumatizado<\/p>\n<p>\u00a0<\/p>\n<p><em>1 Cr\u00e9dito = 1 Punto<\/em><\/p>\n<p><em>20 horas = 1 Punto<\/em><\/p>\n<p>\u00a0<\/p>\n<p><strong>Actividades de formaci\u00f3n continuada na \u00e1rea cl\u00ednica (optativo)<\/strong><\/p>\n<p><em>1 Cr\u00e9dito = 1 Punto<\/em><\/p>\n<p><em>20 horas = 1 Punto<\/em><\/p>\n<p>\u00a0<\/p>\n<p><strong>Outros m\u00e9ritos no perfil cl\u00ednico (optativo).<\/strong><\/p>\n<p>Estancias\/Reciclaxes noutros centros cl\u00ednicos. Responsable de protocolos cl\u00ednicos no PAC. Pertenecer a grupos de traballo cl\u00ednicos (auton\u00f3micos, nacionais o internacionais).<\/p>\n<p><em>Puntos:<\/em><\/p>\n<p><em>Estancias\/Reciclaxes &#8211; 1 semana = 0.5 <\/em><\/p>\n<p><em>Programa cl\u00ednico con evaluaci\u00f3n peri\u00f3dica = 1<\/em><\/p>\n<p><em>Grupo de traballo con participaci\u00f3n activa = 1<\/em><\/p>\n<p><em>\u00a0<\/em><\/p>\n<p><strong>Tempo traballado en PAC. <\/strong><\/p>\n<p><em>Por haber trabajado 1 a\u00f1o o m\u00e1s en el mismo PAC=1 punto<\/em><\/p>\n<p>\u00a0<\/p>\n<p><strong>PERFIL DOCENTE<\/strong><\/p>\n<p><strong>\u00a0<\/strong><strong>\u00a0<\/strong><\/p>\n<table>\n<tbody>\n<tr>\n<td width=\"567\">\n<p><strong>\u00a0<\/strong><\/p>\n<\/td>\n<td colspan=\"2\" width=\"227\">\n<p><strong>PUNTOS<\/strong><\/p>\n<\/td>\n<\/tr>\n<tr>\n<td width=\"567\">\n<p><strong>\u00a0<\/strong><\/p>\n<\/td>\n<td width=\"113\">\n<p><strong>M\u00ednimo<\/strong><\/p>\n<\/td>\n<td width=\"113\">\n<p><strong>M\u00e1ximo<\/strong><\/p>\n<\/td>\n<\/tr>\n<tr>\n<td width=\"567\">\n<p>Compromiso de Colaboraci\u00f3n Docente<\/p>\n<\/td>\n<td width=\"113\">\n<p>1<\/p>\n<\/td>\n<td width=\"113\">\u00a0<\/td>\n<\/tr>\n<tr>\n<td width=\"567\">\n<p>Evaluaci\u00f3n positiva dos residentes *<\/p>\n<\/td>\n<td width=\"113\">\n<p>1<\/p>\n<\/td>\n<td width=\"113\">\u00a0<\/td>\n<\/tr>\n<tr>\n<td width=\"567\">\n<p>Actividad como docente en PAC<\/p>\n<\/td>\n<td width=\"113\">\u00a0<\/td>\n<td width=\"113\">\n<p>1<\/p>\n<\/td>\n<\/tr>\n<tr>\n<td width=\"567\">\n<p>Actividad como docente fuera do PAC<\/p>\n<\/td>\n<td width=\"113\">\u00a0<\/td>\n<td width=\"113\">\n<p>2<\/p>\n<\/td>\n<\/tr>\n<tr>\n<td width=\"567\">\n<p>Responsable de Docencia no PAC<\/p>\n<\/td>\n<td width=\"113\">\u00a0<\/td>\n<td width=\"113\">\n<p>1<\/p>\n<\/td>\n<\/tr>\n<\/tbody>\n<\/table>\n<table>\n<tbody>\n<tr>\n<td width=\"340\">\n<p><em>\u00a0<\/em><\/p>\n<\/td>\n<td width=\"170\">\n<p><em>Acreditaci\u00f3n<\/em><\/p>\n<\/td>\n<td width=\"170\">\n<p><em>Reacreditaci\u00f3n<\/em><\/p>\n<\/td>\n<\/tr>\n<tr>\n<td width=\"340\">\n<p><em>Total puntos<\/em><\/p>\n<\/td>\n<td width=\"170\">\n<p><em>1<\/em><\/p>\n<\/td>\n<td width=\"170\">\n<p><em>2<\/em><\/p>\n<\/td>\n<\/tr>\n<\/tbody>\n<\/table>\n<p>\u00a0<\/p>\n<p><strong>Compromiso de Colaboraci\u00f3n Docente (obligatorio)<\/strong><\/p>\n<p><strong>\u00a0<\/strong><span style=\"font-size: 1rem;\">Familiarizar ao\u00a0 residente coas caracter\u00edsticas e organizaci\u00f3n interna do PAC<\/span><\/p>\n<ol>\n<li>Tutelar e facilitar a asunci\u00f3n progresiva de responsabilidad ao residente<\/li>\n<li>Avaliar ao residente<\/li>\n<li>Remitir informe \u00e1 UD sobre aspectos formativos e cuestions rese\u00f1ables sobre o MIR<\/li>\n<\/ol>\n<p><em>Puntos =1<\/em><\/p>\n<p><strong>Avaliaci\u00f3ns positivas dos Residentes (obrigatorio) \u00bf? <\/strong><\/p>\n<p>Valoradas a partire das follas de evaluaci\u00f3n anuais das rotaci\u00f3ns no PAC, nos \u00faltimos 2 anos. Considerarase que a avaliaci\u00f3n \u00e9 negativa cando a media de todos os \u00edtems sexa inferior a 2 nunha escala de 1 a 5<\/p>\n<p>(*) S\u00f3lo para reacreditaci\u00f3n.<\/p>\n<p><em>Puntos = 1<\/em><\/p>\n<p><strong>\u00a0<\/strong><strong>Actividades como docente no PAC (optativo).<\/strong><\/p>\n<p><strong>\u00a0<\/strong><em>Puntos:<\/em><\/p>\n<p><em>3 sesiones \/ a\u00f1o\u00a0 = \u00a01<\/em><\/p>\n<p><strong>\u00a0<\/strong><strong>Actividades como docente fuera do PAC (optativo).<\/strong><\/p>\n<p><em>Puntos: Hora lectiva como profesor nos 2 \u00faltimos anos = 0.1 <\/em><\/p>\n<p><strong>\u00a0<\/strong><strong>Responsable de docencia do PAC (optativo).<\/strong><\/p>\n<p><em>Puntos = 1<\/em><\/p>\n<p><strong>\u00a0<\/strong><\/p>\n<!-- wp:buttons -->\n<div class=\"wp-block-buttons\"><!-- wp:button -->\n<div class=\"wp-block-button\"><a class=\"wp-block-button__link\" href=\"https:\/\/www.afecvigo.es\/web\/formulario-solicitud-colaborador-docente\/\">Formulario<\/a><\/div>\n<!-- \/wp:button --><\/div>\n<!-- \/wp:buttons -->\t\t\t\t\t<\/div>\n\t\t\t\t\t\t<\/div>\n\t\t\t\t<\/div>\n\t\t\t\t\t\t<\/div>\n\t\t\t\t\t<\/div>\n\t\t<\/div>\n\t\t\t\t\t\t\t\t<\/div>\n\t\t\t\t\t<\/div>\n\t\t<\/section>\n\t\t\t\t\t\t\t\t\t<\/div>\n\t\t\t<\/div>\n\t\t\t\t\t<\/div>\n\t\t","protected":false},"excerpt":{"rendered":"<p>\u00a0 Criterios Acreditaci\u00f3n Colaboradores Docentes PAC TITULACI\u00d3N: Especialista en Medicina de Familia e Comunitaria (optativo) Especialista en Enfermer\u00edade Familia e Comunitaria (optativo) \u00a0 Puntos = 1 \u00a0 PERFIL CL\u00cdNICO. \u00a0 PUNTOS \u00a0 M\u00ednimo M\u00e1ximo Actividades de formaci\u00f3n continuada en \u00e1reas espec\u00edficas: 1 3 Actividades de formaci\u00f3n continuada en el \u00e1rea cl\u00ednica 1 2 Otros m\u00e9ritos &hellip;<\/p>\n<p class=\"read-more\"> <a class=\"\" href=\"https:\/\/www.afecvigo.es\/web\/?page_id=1870\"> <span class=\"screen-reader-text\">Acreditaci\u00f3n Colaboradores Docentes<\/span> Read More &raquo;<\/a><\/p>\n","protected":false},"author":1,"featured_media":0,"parent":0,"menu_order":0,"comment_status":"closed","ping_status":"closed","template":"","meta":{"footnotes":""},"class_list":["post-1870","page","type-page","status-publish","hentry"],"_links":{"self":[{"href":"https:\/\/www.afecvigo.es\/web\/index.php?rest_route=\/wp\/v2\/pages\/1870","targetHints":{"allow":["GET"]}}],"collection":[{"href":"https:\/\/www.afecvigo.es\/web\/index.php?rest_route=\/wp\/v2\/pages"}],"about":[{"href":"https:\/\/www.afecvigo.es\/web\/index.php?rest_route=\/wp\/v2\/types\/page"}],"author":[{"embeddable":true,"href":"https:\/\/www.afecvigo.es\/web\/index.php?rest_route=\/wp\/v2\/users\/1"}],"replies":[{"embeddable":true,"href":"https:\/\/www.afecvigo.es\/web\/index.php?rest_route=%2Fwp%2Fv2%2Fcomments&post=1870"}],"version-history":[{"count":33,"href":"https:\/\/www.afecvigo.es\/web\/index.php?rest_route=\/wp\/v2\/pages\/1870\/revisions"}],"predecessor-version":[{"id":6540,"href":"https:\/\/www.afecvigo.es\/web\/index.php?rest_route=\/wp\/v2\/pages\/1870\/revisions\/6540"}],"wp:attachment":[{"href":"https:\/\/www.afecvigo.es\/web\/index.php?rest_route=%2Fwp%2Fv2%2Fmedia&parent=1870"}],"curies":[{"name":"wp","href":"https:\/\/api.w.org\/{rel}","templated":true}]}}